{"id":11168,"date":"2023-03-17T17:51:54","date_gmt":"2023-03-17T17:51:54","guid":{"rendered":"https:\/\/grupocasonas.com\/casona-del-eboni\/?post_type=mphb_room_type&#038;p=11168"},"modified":"2025-12-15T16:12:41","modified_gmt":"2025-12-15T15:12:41","slug":"bajo-c-apartamento-de-1-habitacion","status":"publish","type":"mphb_room_type","link":"https:\/\/grupocasonas.com\/casona-del-eboni\/accommodation\/bajo-c-apartamento-de-1-habitacion\/","title":{"rendered":"Bajo C &#8211; Apartamento de 1 habitaci\u00f3n"},"content":{"rendered":"\t\t<div data-elementor-type=\"wp-post\" data-elementor-id=\"11168\" class=\"elementor elementor-11168\">\n\t\t\t\t\t\t<section class=\"wd-negative-gap elementor-section elementor-top-section elementor-element elementor-element-40583835 elementor-section-content-top wd-section-stretch-content elementor-section-boxed elementor-section-height-default elementor-section-height-default\" data-id=\"40583835\" data-element_type=\"section\" data-e-type=\"section\">\n\t\t\t\t\t\t<div class=\"elementor-container elementor-column-gap-default\">\n\t\t\t\t\t<div class=\"elementor-column elementor-col-50 elementor-top-column elementor-element elementor-element-78b67803\" data-id=\"78b67803\" data-element_type=\"column\" data-e-type=\"column\">\n\t\t\t<div class=\"elementor-widget-wrap elementor-element-populated\">\n\t\t\t\t\t\t<div class=\"elementor-element elementor-element-79291e63 elementor-widget elementor-widget-wd_image_or_svg\" data-id=\"79291e63\" data-element_type=\"widget\" data-e-type=\"widget\" data-widget_type=\"wd_image_or_svg.default\">\n\t\t\t\t<div class=\"elementor-widget-container\">\n\t\t\t\t\t\n\t\t<div class=\"wd-image text-left\">\n\t\t\t\t\t\t\t\t<img loading=\"lazy\" decoding=\"async\" width=\"1024\" height=\"768\" src=\"https:\/\/grupocasonas.com\/casona-del-eboni\/wp-content\/uploads\/sites\/5\/2023\/03\/BC-eboni-1.jpg\" class=\"attachment-full size-full\" alt=\"\" srcset=\"https:\/\/grupocasonas.com\/casona-del-eboni\/wp-content\/uploads\/sites\/5\/2023\/03\/BC-eboni-1.jpg 1024w, https:\/\/grupocasonas.com\/casona-del-eboni\/wp-content\/uploads\/sites\/5\/2023\/03\/BC-eboni-1-400x300.jpg 400w, https:\/\/grupocasonas.com\/casona-del-eboni\/wp-content\/uploads\/sites\/5\/2023\/03\/BC-eboni-1-768x576.jpg 768w, https:\/\/grupocasonas.com\/casona-del-eboni\/wp-content\/uploads\/sites\/5\/2023\/03\/BC-eboni-1-860x645.jpg 860w, https:\/\/grupocasonas.com\/casona-del-eboni\/wp-content\/uploads\/sites\/5\/2023\/03\/BC-eboni-1-430x323.jpg 430w, https:\/\/grupocasonas.com\/casona-del-eboni\/wp-content\/uploads\/sites\/5\/2023\/03\/BC-eboni-1-700x525.jpg 700w, https:\/\/grupocasonas.com\/casona-del-eboni\/wp-content\/uploads\/sites\/5\/2023\/03\/BC-eboni-1-150x113.jpg 150w\" sizes=\"auto, (max-width: 1024px) 100vw, 1024px\" \/>\t\t\t\t\t<\/div>\n\n\t\t\t\t\t\t<\/div>\n\t\t\t\t<\/div>\n\t\t\t\t<div class=\"elementor-element elementor-element-2d952283 elementor-hidden-tablet elementor-hidden-mobile wd-width-100 elementor-widget elementor-widget-wd_images_gallery\" data-id=\"2d952283\" data-element_type=\"widget\" data-e-type=\"widget\" data-widget_type=\"wd_images_gallery.default\">\n\t\t\t\t<div class=\"elementor-widget-container\">\n\t\t\t\t\t\t\t<div class=\"wd-images-gallery photoswipe-images\" style=\"--wd-align-items:center; --wd-justify-content:center;\">\n\t\t\t\t\t\t<div class=\"wd-grid-g\" style=\"--wd-col-lg:3;--wd-col-md:3;--wd-col-sm:1;--wd-gap-lg:6px;\" >\n\t\t\t\t\t\t\t\t\t\t\t\t\t\t\t\t\t\t<div class=\"wd-gallery-item wd-col\">\n\t\t\t\t\t\t\t\t\t\t\t\t\t<a  href=\"https:\/\/grupocasonas.com\/casona-del-eboni\/wp-content\/uploads\/sites\/5\/2023\/03\/BC-eboni-8.jpg\" data-width=\"576\" data-height=\"768\" data-index=\"1\" data-elementor-open-lightbox=\"no\">\n\t\t\t\t\t\t\n\t\t\t\t\t\t<img loading=\"lazy\" decoding=\"async\" width=\"576\" height=\"768\" src=\"https:\/\/grupocasonas.com\/casona-del-eboni\/wp-content\/uploads\/sites\/5\/2023\/03\/BC-eboni-8.jpg\" class=\"attachment-full size-full\" alt=\"BC-eboni (8)\" srcset=\"https:\/\/grupocasonas.com\/casona-del-eboni\/wp-content\/uploads\/sites\/5\/2023\/03\/BC-eboni-8.jpg 576w, https:\/\/grupocasonas.com\/casona-del-eboni\/wp-content\/uploads\/sites\/5\/2023\/03\/BC-eboni-8-225x300.jpg 225w, https:\/\/grupocasonas.com\/casona-del-eboni\/wp-content\/uploads\/sites\/5\/2023\/03\/BC-eboni-8-430x573.jpg 430w, https:\/\/grupocasonas.com\/casona-del-eboni\/wp-content\/uploads\/sites\/5\/2023\/03\/BC-eboni-8-150x200.jpg 150w\" sizes=\"auto, (max-width: 576px) 100vw, 576px\" \/>\n\t\t\t\t\t\t\t\t\t\t\t\t\t<\/a>\n\t\t\t\t\t\t\t\t\t\t\t<\/div>\n\t\t\t\t\t\t\t\t\t\t\t\t\t\t\t<div class=\"wd-gallery-item wd-col\">\n\t\t\t\t\t\t\t\t\t\t\t\t\t<a  href=\"https:\/\/grupocasonas.com\/casona-del-eboni\/wp-content\/uploads\/sites\/5\/2023\/03\/BC-eboni-7.jpg\" data-width=\"576\" data-height=\"768\" data-index=\"2\" data-elementor-open-lightbox=\"no\">\n\t\t\t\t\t\t\n\t\t\t\t\t\t<img loading=\"lazy\" decoding=\"async\" width=\"576\" height=\"768\" src=\"https:\/\/grupocasonas.com\/casona-del-eboni\/wp-content\/uploads\/sites\/5\/2023\/03\/BC-eboni-7.jpg\" class=\"attachment-full size-full\" alt=\"BC-eboni (7)\" srcset=\"https:\/\/grupocasonas.com\/casona-del-eboni\/wp-content\/uploads\/sites\/5\/2023\/03\/BC-eboni-7.jpg 576w, https:\/\/grupocasonas.com\/casona-del-eboni\/wp-content\/uploads\/sites\/5\/2023\/03\/BC-eboni-7-225x300.jpg 225w, https:\/\/grupocasonas.com\/casona-del-eboni\/wp-content\/uploads\/sites\/5\/2023\/03\/BC-eboni-7-430x573.jpg 430w, https:\/\/grupocasonas.com\/casona-del-eboni\/wp-content\/uploads\/sites\/5\/2023\/03\/BC-eboni-7-150x200.jpg 150w\" sizes=\"auto, (max-width: 576px) 100vw, 576px\" \/>\n\t\t\t\t\t\t\t\t\t\t\t\t\t<\/a>\n\t\t\t\t\t\t\t\t\t\t\t<\/div>\n\t\t\t\t\t\t\t\t\t\t\t\t\t\t\t<div class=\"wd-gallery-item wd-col\">\n\t\t\t\t\t\t\t\t\t\t\t\t\t<a  href=\"https:\/\/grupocasonas.com\/casona-del-eboni\/wp-content\/uploads\/sites\/5\/2023\/03\/BC-eboni-6.jpg\" data-width=\"576\" data-height=\"768\" data-index=\"3\" data-elementor-open-lightbox=\"no\">\n\t\t\t\t\t\t\n\t\t\t\t\t\t<img loading=\"lazy\" decoding=\"async\" width=\"576\" height=\"768\" src=\"https:\/\/grupocasonas.com\/casona-del-eboni\/wp-content\/uploads\/sites\/5\/2023\/03\/BC-eboni-6.jpg\" class=\"attachment-full size-full\" alt=\"BC-eboni (6)\" srcset=\"https:\/\/grupocasonas.com\/casona-del-eboni\/wp-content\/uploads\/sites\/5\/2023\/03\/BC-eboni-6.jpg 576w, https:\/\/grupocasonas.com\/casona-del-eboni\/wp-content\/uploads\/sites\/5\/2023\/03\/BC-eboni-6-225x300.jpg 225w, https:\/\/grupocasonas.com\/casona-del-eboni\/wp-content\/uploads\/sites\/5\/2023\/03\/BC-eboni-6-430x573.jpg 430w, https:\/\/grupocasonas.com\/casona-del-eboni\/wp-content\/uploads\/sites\/5\/2023\/03\/BC-eboni-6-150x200.jpg 150w\" sizes=\"auto, (max-width: 576px) 100vw, 576px\" \/>\n\t\t\t\t\t\t\t\t\t\t\t\t\t<\/a>\n\t\t\t\t\t\t\t\t\t\t\t<\/div>\n\t\t\t\t\t\t\t\t\t\t\t\t\t\t\t<div class=\"wd-gallery-item wd-col\">\n\t\t\t\t\t\t\t\t\t\t\t\t\t<a  href=\"https:\/\/grupocasonas.com\/casona-del-eboni\/wp-content\/uploads\/sites\/5\/2023\/03\/BC-eboni-5.jpg\" data-width=\"576\" data-height=\"768\" data-index=\"4\" data-elementor-open-lightbox=\"no\">\n\t\t\t\t\t\t\n\t\t\t\t\t\t<img loading=\"lazy\" decoding=\"async\" width=\"576\" height=\"768\" src=\"https:\/\/grupocasonas.com\/casona-del-eboni\/wp-content\/uploads\/sites\/5\/2023\/03\/BC-eboni-5.jpg\" class=\"attachment-full size-full\" alt=\"BC-eboni (5)\" srcset=\"https:\/\/grupocasonas.com\/casona-del-eboni\/wp-content\/uploads\/sites\/5\/2023\/03\/BC-eboni-5.jpg 576w, https:\/\/grupocasonas.com\/casona-del-eboni\/wp-content\/uploads\/sites\/5\/2023\/03\/BC-eboni-5-225x300.jpg 225w, https:\/\/grupocasonas.com\/casona-del-eboni\/wp-content\/uploads\/sites\/5\/2023\/03\/BC-eboni-5-430x573.jpg 430w, https:\/\/grupocasonas.com\/casona-del-eboni\/wp-content\/uploads\/sites\/5\/2023\/03\/BC-eboni-5-150x200.jpg 150w\" sizes=\"auto, (max-width: 576px) 100vw, 576px\" \/>\n\t\t\t\t\t\t\t\t\t\t\t\t\t<\/a>\n\t\t\t\t\t\t\t\t\t\t\t<\/div>\n\t\t\t\t\t\t\t\t\t\t\t\t\t\t\t<div class=\"wd-gallery-item wd-col\">\n\t\t\t\t\t\t\t\t\t\t\t\t\t<a  href=\"https:\/\/grupocasonas.com\/casona-del-eboni\/wp-content\/uploads\/sites\/5\/2023\/03\/BC-eboni-4.jpg\" data-width=\"576\" data-height=\"768\" data-index=\"5\" data-elementor-open-lightbox=\"no\">\n\t\t\t\t\t\t\n\t\t\t\t\t\t<img loading=\"lazy\" decoding=\"async\" width=\"576\" height=\"768\" src=\"https:\/\/grupocasonas.com\/casona-del-eboni\/wp-content\/uploads\/sites\/5\/2023\/03\/BC-eboni-4.jpg\" class=\"attachment-full size-full\" alt=\"BC-eboni (4)\" srcset=\"https:\/\/grupocasonas.com\/casona-del-eboni\/wp-content\/uploads\/sites\/5\/2023\/03\/BC-eboni-4.jpg 576w, https:\/\/grupocasonas.com\/casona-del-eboni\/wp-content\/uploads\/sites\/5\/2023\/03\/BC-eboni-4-225x300.jpg 225w, https:\/\/grupocasonas.com\/casona-del-eboni\/wp-content\/uploads\/sites\/5\/2023\/03\/BC-eboni-4-430x573.jpg 430w, https:\/\/grupocasonas.com\/casona-del-eboni\/wp-content\/uploads\/sites\/5\/2023\/03\/BC-eboni-4-150x200.jpg 150w\" sizes=\"auto, (max-width: 576px) 100vw, 576px\" \/>\n\t\t\t\t\t\t\t\t\t\t\t\t\t<\/a>\n\t\t\t\t\t\t\t\t\t\t\t<\/div>\n\t\t\t\t\t\t\t\t\t\t\t\t\t\t\t<div class=\"wd-gallery-item wd-col\">\n\t\t\t\t\t\t\t\t\t\t\t\t\t<a  href=\"https:\/\/grupocasonas.com\/casona-del-eboni\/wp-content\/uploads\/sites\/5\/2023\/03\/BC-eboni-3.jpg\" data-width=\"576\" data-height=\"768\" data-index=\"6\" data-elementor-open-lightbox=\"no\">\n\t\t\t\t\t\t\n\t\t\t\t\t\t<img loading=\"lazy\" decoding=\"async\" width=\"576\" height=\"768\" src=\"https:\/\/grupocasonas.com\/casona-del-eboni\/wp-content\/uploads\/sites\/5\/2023\/03\/BC-eboni-3.jpg\" class=\"attachment-full size-full\" alt=\"BC-eboni (3)\" srcset=\"https:\/\/grupocasonas.com\/casona-del-eboni\/wp-content\/uploads\/sites\/5\/2023\/03\/BC-eboni-3.jpg 576w, https:\/\/grupocasonas.com\/casona-del-eboni\/wp-content\/uploads\/sites\/5\/2023\/03\/BC-eboni-3-225x300.jpg 225w, https:\/\/grupocasonas.com\/casona-del-eboni\/wp-content\/uploads\/sites\/5\/2023\/03\/BC-eboni-3-430x573.jpg 430w, https:\/\/grupocasonas.com\/casona-del-eboni\/wp-content\/uploads\/sites\/5\/2023\/03\/BC-eboni-3-150x200.jpg 150w\" sizes=\"auto, (max-width: 576px) 100vw, 576px\" \/>\n\t\t\t\t\t\t\t\t\t\t\t\t\t<\/a>\n\t\t\t\t\t\t\t\t\t\t\t<\/div>\n\t\t\t\t\t\t\t\t\t\t\t\t\t\t\t<div class=\"wd-gallery-item wd-col\">\n\t\t\t\t\t\t\t\t\t\t\t\t\t<a  href=\"https:\/\/grupocasonas.com\/casona-del-eboni\/wp-content\/uploads\/sites\/5\/2023\/03\/BC-eboni-2.jpg\" data-width=\"576\" data-height=\"768\" data-index=\"7\" data-elementor-open-lightbox=\"no\">\n\t\t\t\t\t\t\n\t\t\t\t\t\t<img loading=\"lazy\" decoding=\"async\" width=\"576\" height=\"768\" src=\"https:\/\/grupocasonas.com\/casona-del-eboni\/wp-content\/uploads\/sites\/5\/2023\/03\/BC-eboni-2.jpg\" class=\"attachment-full size-full\" alt=\"BC-eboni (2)\" srcset=\"https:\/\/grupocasonas.com\/casona-del-eboni\/wp-content\/uploads\/sites\/5\/2023\/03\/BC-eboni-2.jpg 576w, https:\/\/grupocasonas.com\/casona-del-eboni\/wp-content\/uploads\/sites\/5\/2023\/03\/BC-eboni-2-225x300.jpg 225w, https:\/\/grupocasonas.com\/casona-del-eboni\/wp-content\/uploads\/sites\/5\/2023\/03\/BC-eboni-2-430x573.jpg 430w, https:\/\/grupocasonas.com\/casona-del-eboni\/wp-content\/uploads\/sites\/5\/2023\/03\/BC-eboni-2-150x200.jpg 150w\" sizes=\"auto, (max-width: 576px) 100vw, 576px\" \/>\n\t\t\t\t\t\t\t\t\t\t\t\t\t<\/a>\n\t\t\t\t\t\t\t\t\t\t\t<\/div>\n\t\t\t\t\t\t\t\t\t\t\t\t\t\t\t<div class=\"wd-gallery-item wd-col\">\n\t\t\t\t\t\t\t\t\t\t\t\t\t<a  href=\"https:\/\/grupocasonas.com\/casona-del-eboni\/wp-content\/uploads\/sites\/5\/2023\/03\/BC-eboni-1.jpg\" data-width=\"1024\" data-height=\"768\" data-index=\"8\" data-elementor-open-lightbox=\"no\">\n\t\t\t\t\t\t\n\t\t\t\t\t\t<img loading=\"lazy\" decoding=\"async\" width=\"1024\" height=\"768\" src=\"https:\/\/grupocasonas.com\/casona-del-eboni\/wp-content\/uploads\/sites\/5\/2023\/03\/BC-eboni-1.jpg\" class=\"attachment-full size-full\" alt=\"BC-eboni (1)\" srcset=\"https:\/\/grupocasonas.com\/casona-del-eboni\/wp-content\/uploads\/sites\/5\/2023\/03\/BC-eboni-1.jpg 1024w, https:\/\/grupocasonas.com\/casona-del-eboni\/wp-content\/uploads\/sites\/5\/2023\/03\/BC-eboni-1-400x300.jpg 400w, https:\/\/grupocasonas.com\/casona-del-eboni\/wp-content\/uploads\/sites\/5\/2023\/03\/BC-eboni-1-768x576.jpg 768w, https:\/\/grupocasonas.com\/casona-del-eboni\/wp-content\/uploads\/sites\/5\/2023\/03\/BC-eboni-1-860x645.jpg 860w, https:\/\/grupocasonas.com\/casona-del-eboni\/wp-content\/uploads\/sites\/5\/2023\/03\/BC-eboni-1-430x323.jpg 430w, https:\/\/grupocasonas.com\/casona-del-eboni\/wp-content\/uploads\/sites\/5\/2023\/03\/BC-eboni-1-700x525.jpg 700w, https:\/\/grupocasonas.com\/casona-del-eboni\/wp-content\/uploads\/sites\/5\/2023\/03\/BC-eboni-1-150x113.jpg 150w\" sizes=\"auto, (max-width: 1024px) 100vw, 1024px\" \/>\n\t\t\t\t\t\t\t\t\t\t\t\t\t<\/a>\n\t\t\t\t\t\t\t\t\t\t\t<\/div>\n\t\t\t\t\t\t\t\t\t\t\t\t\t<\/div>\n\t\t\t\t\t<\/div>\n\t\t\t\t\t\t<\/div>\n\t\t\t\t<\/div>\n\t\t\t\t<div class=\"elementor-element elementor-element-5988be81 elementor-hidden-desktop wd-width-100 elementor-widget elementor-widget-wd_images_gallery\" data-id=\"5988be81\" data-element_type=\"widget\" data-e-type=\"widget\" data-widget_type=\"wd_images_gallery.default\">\n\t\t\t\t<div class=\"elementor-widget-container\">\n\t\t\t\t\t\t\t<div class=\"wd-images-gallery photoswipe-images wd-carousel-container\" style=\"--wd-align-items:center; --wd-justify-content:center;\">\n\t\t\t\t\t\t\t<div class=\"wd-carousel-inner\">\n\t\t\t\t\t\t<div class=\"wd-carousel wd-grid\" data-scroll_per_page=\"yes\" style=\"--wd-col-lg:3;--wd-col-md:3;--wd-col-sm:1;--wd-gap-lg:6px;\">\n\t\t\t\t\t\t\t\t\t<div class=\"wd-carousel-wrap\">\n\t\t\t\t\t\t\t\t\t\t\t\t\t\t\t\t\t\t<div class=\"wd-gallery-item wd-carousel-item\">\n\t\t\t\t\t\t\t\t\t\t\t\t\t<a  href=\"https:\/\/grupocasonas.com\/casona-del-eboni\/wp-content\/uploads\/sites\/5\/2023\/01\/caldera.jpg\" data-width=\"576\" data-height=\"768\" data-index=\"1\" data-elementor-open-lightbox=\"no\">\n\t\t\t\t\t\t\n\t\t\t\t\t\t<img loading=\"lazy\" decoding=\"async\" width=\"400\" height=\"280\" src=\"https:\/\/grupocasonas.com\/casona-del-eboni\/wp-content\/uploads\/sites\/5\/2023\/01\/caldera-400x280.jpg\" class=\"attachment-400x280 size-400x280\" alt=\"caldera\" \/>\n\t\t\t\t\t\t\t\t\t\t\t\t\t<\/a>\n\t\t\t\t\t\t\t\t\t\t\t<\/div>\n\t\t\t\t\t\t\t\t\t\t\t\t\t\t\t<div class=\"wd-gallery-item wd-carousel-item\">\n\t\t\t\t\t\t\t\t\t\t\t\t\t<a  href=\"https:\/\/grupocasonas.com\/casona-del-eboni\/wp-content\/uploads\/sites\/5\/2023\/01\/ducha-1.jpg\" data-width=\"576\" data-height=\"768\" data-index=\"2\" data-elementor-open-lightbox=\"no\">\n\t\t\t\t\t\t\n\t\t\t\t\t\t<img loading=\"lazy\" decoding=\"async\" width=\"400\" height=\"280\" src=\"https:\/\/grupocasonas.com\/casona-del-eboni\/wp-content\/uploads\/sites\/5\/2023\/01\/ducha-1-400x280.jpg\" class=\"attachment-400x280 size-400x280\" alt=\"ducha\" \/>\n\t\t\t\t\t\t\t\t\t\t\t\t\t<\/a>\n\t\t\t\t\t\t\t\t\t\t\t<\/div>\n\t\t\t\t\t\t\t\t\t\t\t\t\t\t\t<div class=\"wd-gallery-item wd-carousel-item\">\n\t\t\t\t\t\t\t\t\t\t\t\t\t<a  href=\"https:\/\/grupocasonas.com\/casona-del-eboni\/wp-content\/uploads\/sites\/5\/2023\/01\/wc.jpg\" data-width=\"576\" data-height=\"768\" data-index=\"3\" data-elementor-open-lightbox=\"no\">\n\t\t\t\t\t\t\n\t\t\t\t\t\t<img loading=\"lazy\" decoding=\"async\" width=\"400\" height=\"280\" src=\"https:\/\/grupocasonas.com\/casona-del-eboni\/wp-content\/uploads\/sites\/5\/2023\/01\/wc-400x280.jpg\" class=\"attachment-400x280 size-400x280\" alt=\"wc\" \/>\n\t\t\t\t\t\t\t\t\t\t\t\t\t<\/a>\n\t\t\t\t\t\t\t\t\t\t\t<\/div>\n\t\t\t\t\t\t\t\t\t\t\t\t\t\t\t<div class=\"wd-gallery-item wd-carousel-item\">\n\t\t\t\t\t\t\t\t\t\t\t\t\t<a  href=\"https:\/\/grupocasonas.com\/casona-del-eboni\/wp-content\/uploads\/sites\/5\/2023\/01\/vitro.jpg\" data-width=\"576\" data-height=\"768\" data-index=\"4\" data-elementor-open-lightbox=\"no\">\n\t\t\t\t\t\t\n\t\t\t\t\t\t<img loading=\"lazy\" decoding=\"async\" width=\"400\" height=\"280\" src=\"https:\/\/grupocasonas.com\/casona-del-eboni\/wp-content\/uploads\/sites\/5\/2023\/01\/vitro-400x280.jpg\" class=\"attachment-400x280 size-400x280\" alt=\"vitro\" \/>\n\t\t\t\t\t\t\t\t\t\t\t\t\t<\/a>\n\t\t\t\t\t\t\t\t\t\t\t<\/div>\n\t\t\t\t\t\t\t\t\t\t\t\t\t\t\t<div class=\"wd-gallery-item wd-carousel-item\">\n\t\t\t\t\t\t\t\t\t\t\t\t\t<a  href=\"https:\/\/grupocasonas.com\/casona-del-eboni\/wp-content\/uploads\/sites\/5\/2023\/01\/slide-1-c-1.jpg\" data-width=\"576\" data-height=\"768\" data-index=\"5\" data-elementor-open-lightbox=\"no\">\n\t\t\t\t\t\t\n\t\t\t\t\t\t<img loading=\"lazy\" decoding=\"async\" width=\"400\" height=\"280\" src=\"https:\/\/grupocasonas.com\/casona-del-eboni\/wp-content\/uploads\/sites\/5\/2023\/01\/slide-1-c-1-400x280.jpg\" class=\"attachment-400x280 size-400x280\" alt=\"slide-1-c\" \/>\n\t\t\t\t\t\t\t\t\t\t\t\t\t<\/a>\n\t\t\t\t\t\t\t\t\t\t\t<\/div>\n\t\t\t\t\t\t\t\t\t\t\t\t\t\t\t<div class=\"wd-gallery-item wd-carousel-item\">\n\t\t\t\t\t\t\t\t\t\t\t\t\t<a  href=\"https:\/\/grupocasonas.com\/casona-del-eboni\/wp-content\/uploads\/sites\/5\/2023\/01\/ventana-1.jpg\" data-width=\"576\" data-height=\"768\" data-index=\"6\" data-elementor-open-lightbox=\"no\">\n\t\t\t\t\t\t\n\t\t\t\t\t\t<img loading=\"lazy\" decoding=\"async\" width=\"400\" height=\"280\" src=\"https:\/\/grupocasonas.com\/casona-del-eboni\/wp-content\/uploads\/sites\/5\/2023\/01\/ventana-1-400x280.jpg\" class=\"attachment-400x280 size-400x280\" alt=\"ventana\" \/>\n\t\t\t\t\t\t\t\t\t\t\t\t\t<\/a>\n\t\t\t\t\t\t\t\t\t\t\t<\/div>\n\t\t\t\t\t\t\t\t\t\t\t\t\t\t\t<div class=\"wd-gallery-item wd-carousel-item\">\n\t\t\t\t\t\t\t\t\t\t\t\t\t<a  href=\"https:\/\/grupocasonas.com\/casona-del-eboni\/wp-content\/uploads\/sites\/5\/2023\/01\/cama-3.jpg\" data-width=\"576\" data-height=\"768\" data-index=\"7\" data-elementor-open-lightbox=\"no\">\n\t\t\t\t\t\t\n\t\t\t\t\t\t<img loading=\"lazy\" decoding=\"async\" width=\"400\" height=\"280\" src=\"https:\/\/grupocasonas.com\/casona-del-eboni\/wp-content\/uploads\/sites\/5\/2023\/01\/cama-3-400x280.jpg\" class=\"attachment-400x280 size-400x280\" alt=\"cama\" \/>\n\t\t\t\t\t\t\t\t\t\t\t\t\t<\/a>\n\t\t\t\t\t\t\t\t\t\t\t<\/div>\n\t\t\t\t\t\t\t\t\t\t\t\t\t\t\t<div class=\"wd-gallery-item wd-carousel-item\">\n\t\t\t\t\t\t\t\t\t\t\t\t\t<a  href=\"https:\/\/grupocasonas.com\/casona-del-eboni\/wp-content\/uploads\/sites\/5\/2023\/01\/vistas.jpg\" data-width=\"576\" data-height=\"768\" data-index=\"8\" data-elementor-open-lightbox=\"no\">\n\t\t\t\t\t\t\n\t\t\t\t\t\t<img loading=\"lazy\" decoding=\"async\" width=\"400\" height=\"280\" src=\"https:\/\/grupocasonas.com\/casona-del-eboni\/wp-content\/uploads\/sites\/5\/2023\/01\/vistas-400x280.jpg\" class=\"attachment-400x280 size-400x280\" alt=\"vistas\" \/>\n\t\t\t\t\t\t\t\t\t\t\t\t\t<\/a>\n\t\t\t\t\t\t\t\t\t\t\t<\/div>\n\t\t\t\t\t\t\t\t\t\t\t\t\t\t\t<div class=\"wd-gallery-item wd-carousel-item\">\n\t\t\t\t\t\t\t\t\t\t\t\t\t<a  href=\"https:\/\/grupocasonas.com\/casona-del-eboni\/wp-content\/uploads\/sites\/5\/2023\/01\/escritorio-1.jpg\" data-width=\"576\" data-height=\"768\" data-index=\"9\" data-elementor-open-lightbox=\"no\">\n\t\t\t\t\t\t\n\t\t\t\t\t\t<img loading=\"lazy\" decoding=\"async\" width=\"400\" height=\"280\" src=\"https:\/\/grupocasonas.com\/casona-del-eboni\/wp-content\/uploads\/sites\/5\/2023\/01\/escritorio-1-400x280.jpg\" class=\"attachment-400x280 size-400x280\" alt=\"escritorio\" \/>\n\t\t\t\t\t\t\t\t\t\t\t\t\t<\/a>\n\t\t\t\t\t\t\t\t\t\t\t<\/div>\n\t\t\t\t\t\t\t\t\t\t\t\t\t\t\t<div class=\"wd-gallery-item wd-carousel-item\">\n\t\t\t\t\t\t\t\t\t\t\t\t\t<a  href=\"https:\/\/grupocasonas.com\/casona-del-eboni\/wp-content\/uploads\/sites\/5\/2023\/01\/slide-2-a.jpg\" data-width=\"1024\" data-height=\"768\" data-index=\"10\" data-elementor-open-lightbox=\"no\">\n\t\t\t\t\t\t\n\t\t\t\t\t\t<img loading=\"lazy\" decoding=\"async\" width=\"400\" height=\"280\" src=\"https:\/\/grupocasonas.com\/casona-del-eboni\/wp-content\/uploads\/sites\/5\/2023\/01\/slide-2-a-400x280.jpg\" class=\"attachment-400x280 size-400x280\" alt=\"slide-2-a\" \/>\n\t\t\t\t\t\t\t\t\t\t\t\t\t<\/a>\n\t\t\t\t\t\t\t\t\t\t\t<\/div>\n\t\t\t\t\t\t\t\t\t\t\t\t\t\t\t<div class=\"wd-gallery-item wd-carousel-item\">\n\t\t\t\t\t\t\t\t\t\t\t\t\t<a  href=\"https:\/\/grupocasonas.com\/casona-del-eboni\/wp-content\/uploads\/sites\/5\/2023\/01\/slide-2-b.jpg\" data-width=\"576\" data-height=\"768\" data-index=\"11\" data-elementor-open-lightbox=\"no\">\n\t\t\t\t\t\t\n\t\t\t\t\t\t<img loading=\"lazy\" decoding=\"async\" width=\"400\" height=\"280\" src=\"https:\/\/grupocasonas.com\/casona-del-eboni\/wp-content\/uploads\/sites\/5\/2023\/01\/slide-2-b-400x280.jpg\" class=\"attachment-400x280 size-400x280\" alt=\"slide-2-b\" \/>\n\t\t\t\t\t\t\t\t\t\t\t\t\t<\/a>\n\t\t\t\t\t\t\t\t\t\t\t<\/div>\n\t\t\t\t\t\t\t\t\t\t\t\t\t\t\t<div class=\"wd-gallery-item wd-carousel-item\">\n\t\t\t\t\t\t\t\t\t\t\t\t\t<a  href=\"https:\/\/grupocasonas.com\/casona-del-eboni\/wp-content\/uploads\/sites\/5\/2023\/01\/equi-2.jpg\" data-width=\"576\" data-height=\"768\" data-index=\"12\" data-elementor-open-lightbox=\"no\">\n\t\t\t\t\t\t\n\t\t\t\t\t\t<img loading=\"lazy\" decoding=\"async\" width=\"400\" height=\"280\" src=\"https:\/\/grupocasonas.com\/casona-del-eboni\/wp-content\/uploads\/sites\/5\/2023\/01\/equi-2-400x280.jpg\" class=\"attachment-400x280 size-400x280\" alt=\"equi-2\" \/>\n\t\t\t\t\t\t\t\t\t\t\t\t\t<\/a>\n\t\t\t\t\t\t\t\t\t\t\t<\/div>\n\t\t\t\t\t\t\t\t\t\t\t\t\t\t\t<div class=\"wd-gallery-item wd-carousel-item\">\n\t\t\t\t\t\t\t\t\t\t\t\t\t<a  href=\"https:\/\/grupocasonas.com\/casona-del-eboni\/wp-content\/uploads\/sites\/5\/2023\/01\/equi-1.jpg\" data-width=\"576\" data-height=\"768\" data-index=\"13\" data-elementor-open-lightbox=\"no\">\n\t\t\t\t\t\t\n\t\t\t\t\t\t<img loading=\"lazy\" decoding=\"async\" width=\"400\" height=\"280\" src=\"https:\/\/grupocasonas.com\/casona-del-eboni\/wp-content\/uploads\/sites\/5\/2023\/01\/equi-1-400x280.jpg\" class=\"attachment-400x280 size-400x280\" alt=\"equi-1\" \/>\n\t\t\t\t\t\t\t\t\t\t\t\t\t<\/a>\n\t\t\t\t\t\t\t\t\t\t\t<\/div>\n\t\t\t\t\t\t\t\t\t\t\t\t\t\t\t<div class=\"wd-gallery-item wd-carousel-item\">\n\t\t\t\t\t\t\t\t\t\t\t\t\t<a  href=\"https:\/\/grupocasonas.com\/casona-del-eboni\/wp-content\/uploads\/sites\/5\/2023\/01\/slide-1-c.jpg\" data-width=\"576\" data-height=\"768\" data-index=\"14\" data-elementor-open-lightbox=\"no\">\n\t\t\t\t\t\t\n\t\t\t\t\t\t<img loading=\"lazy\" decoding=\"async\" width=\"400\" height=\"280\" src=\"https:\/\/grupocasonas.com\/casona-del-eboni\/wp-content\/uploads\/sites\/5\/2023\/01\/slide-1-c-400x280.jpg\" class=\"attachment-400x280 size-400x280\" alt=\"slide-1-c\" \/>\n\t\t\t\t\t\t\t\t\t\t\t\t\t<\/a>\n\t\t\t\t\t\t\t\t\t\t\t<\/div>\n\t\t\t\t\t\t\t\t\t\t\t\t\t\t\t<div class=\"wd-gallery-item wd-carousel-item\">\n\t\t\t\t\t\t\t\t\t\t\t\t\t<a  href=\"https:\/\/grupocasonas.com\/casona-del-eboni\/wp-content\/uploads\/sites\/5\/2023\/01\/cocina-3.jpg\" data-width=\"1024\" data-height=\"768\" data-index=\"15\" data-elementor-open-lightbox=\"no\">\n\t\t\t\t\t\t\n\t\t\t\t\t\t<img loading=\"lazy\" decoding=\"async\" width=\"400\" height=\"280\" src=\"https:\/\/grupocasonas.com\/casona-del-eboni\/wp-content\/uploads\/sites\/5\/2023\/01\/cocina-3-400x280.jpg\" class=\"attachment-400x280 size-400x280\" alt=\"cocina\" \/>\n\t\t\t\t\t\t\t\t\t\t\t\t\t<\/a>\n\t\t\t\t\t\t\t\t\t\t\t<\/div>\n\t\t\t\t\t\t\t\t\t\t\t\t\t\t\t<div class=\"wd-gallery-item wd-carousel-item\">\n\t\t\t\t\t\t\t\t\t\t\t\t\t<a  href=\"https:\/\/grupocasonas.com\/casona-del-eboni\/wp-content\/uploads\/sites\/5\/2023\/01\/apto-eboni.jpg\" data-width=\"1024\" data-height=\"768\" data-index=\"16\" data-elementor-open-lightbox=\"no\">\n\t\t\t\t\t\t\n\t\t\t\t\t\t<img loading=\"lazy\" decoding=\"async\" width=\"400\" height=\"280\" src=\"https:\/\/grupocasonas.com\/casona-del-eboni\/wp-content\/uploads\/sites\/5\/2023\/01\/apto-eboni-400x280.jpg\" class=\"attachment-400x280 size-400x280\" alt=\"apto-eboni\" \/>\n\t\t\t\t\t\t\t\t\t\t\t\t\t<\/a>\n\t\t\t\t\t\t\t\t\t\t\t<\/div>\n\t\t\t\t\t\t\t\t\t\t\t\t\t\t\t<div class=\"wd-gallery-item wd-carousel-item\">\n\t\t\t\t\t\t\t\t\t\t\t\t\t<a  href=\"https:\/\/grupocasonas.com\/casona-del-eboni\/wp-content\/uploads\/sites\/5\/2023\/01\/sofa-cama.jpg\" data-width=\"1024\" data-height=\"768\" data-index=\"17\" data-elementor-open-lightbox=\"no\">\n\t\t\t\t\t\t\n\t\t\t\t\t\t<img loading=\"lazy\" decoding=\"async\" width=\"400\" height=\"280\" src=\"https:\/\/grupocasonas.com\/casona-del-eboni\/wp-content\/uploads\/sites\/5\/2023\/01\/sofa-cama-400x280.jpg\" class=\"attachment-400x280 size-400x280\" alt=\"sofa-cama\" \/>\n\t\t\t\t\t\t\t\t\t\t\t\t\t<\/a>\n\t\t\t\t\t\t\t\t\t\t\t<\/div>\n\t\t\t\t\t\t\t\t\t\t\t\t\t\t\t\t<\/div>\n\t\t\t\t\t\t\t\t<\/div>\n\t\t\t\t\t\t\t\t\t\t\t\t\t\t<div class=\"wd-nav-arrows wd-pos-sep wd-hover-1 wd-icon-1\">\n\t\t\t<div class=\"wd-btn-arrow wd-prev wd-disabled\">\n\t\t\t\t<div class=\"wd-arrow-inner\"><\/div>\n\t\t\t<\/div>\n\t\t\t<div class=\"wd-btn-arrow wd-next\">\n\t\t\t\t<div class=\"wd-arrow-inner\"><\/div>\n\t\t\t<\/div>\n\t\t<\/div>\n\t\t\t\t\t\t\n\t\t\t\t<\/div>\n\n\t\t\t\t\t\t<div class=\"wd-nav-pagin-wrap text-center wd-style-shape wd-hide-md-sm wd-hide-sm\">\n\t\t\t<ul class=\"wd-nav-pagin\"><\/ul>\n\t\t<\/div>\n\t\t\t\t\t\t\t\t\t\t\t<\/div>\n\t\t\t\t\t\t<\/div>\n\t\t\t\t<\/div>\n\t\t\t\t\t<\/div>\n\t\t<\/div>\n\t\t\t\t<div class=\"elementor-column elementor-col-50 elementor-top-column elementor-element elementor-element-756df049\" data-id=\"756df049\" data-element_type=\"column\" data-e-type=\"column\">\n\t\t\t<div class=\"elementor-widget-wrap elementor-element-populated\">\n\t\t\t\t\t\t<section class=\"wd-negative-gap elementor-section elementor-inner-section elementor-element elementor-element-f8d1cf6 elementor-section-boxed elementor-section-height-default elementor-section-height-default\" data-id=\"f8d1cf6\" data-element_type=\"section\" data-e-type=\"section\">\n\t\t\t\t\t\t<div class=\"elementor-container elementor-column-gap-default\">\n\t\t\t\t\t<div class=\"elementor-column elementor-col-100 elementor-inner-column elementor-element elementor-element-11f776d\" data-id=\"11f776d\" data-element_type=\"column\" data-e-type=\"column\">\n\t\t\t<div class=\"elementor-widget-wrap elementor-element-populated\">\n\t\t\t\t\t\t<div class=\"elementor-element elementor-element-841ef2d wd-width-100 elementor-widget elementor-widget-wd_title\" data-id=\"841ef2d\" data-element_type=\"widget\" data-e-type=\"widget\" data-widget_type=\"wd_title.default\">\n\t\t\t\t<div class=\"elementor-widget-container\">\n\t\t\t\t\t\t\t<div class=\"title-wrapper wd-set-mb reset-last-child wd-title-color-default wd-title-style-default wd-title-size-default text-left\">\n\n\t\t\t\n\t\t\t<div class=\"liner-continer\">\n\t\t\t\t<h4 class=\"woodmart-title-container title wd-fontsize-l\">Descripci\u00f3n<\/h4> \n\t\t\t\t\t\t\t<\/div>\n\n\t\t\t\t\t<\/div>\n\t\t\t\t\t\t<\/div>\n\t\t\t\t<\/div>\n\t\t\t\t<div class=\"elementor-element elementor-element-33ea034 elementor-widget elementor-widget-wd_text_block\" data-id=\"33ea034\" data-element_type=\"widget\" data-e-type=\"widget\" data-widget_type=\"wd_text_block.default\">\n\t\t\t\t<div class=\"elementor-widget-container\">\n\t\t\t\t\t\t\t<div class=\"wd-text-block reset-last-child text-left\">\n\t\t\t\n\t\t\t<p>Apartamento de <strong>un dormitorio<\/strong> con todas las comodidades. El dormitorio cuenta con una cama doble, dispone adem\u00e1s de sal\u00f3n comedor, cocina, ba\u00f1o y patio.<\/p>\n\t\t\t\t\t<\/div>\n\t\t\t\t\t\t<\/div>\n\t\t\t\t<\/div>\n\t\t\t\t\t<\/div>\n\t\t<\/div>\n\t\t\t\t\t<\/div>\n\t\t<\/section>\n\t\t\t\t<section class=\"wd-negative-gap elementor-section elementor-inner-section elementor-element elementor-element-1a584d79 elementor-section-boxed elementor-section-height-default elementor-section-height-default\" data-id=\"1a584d79\" data-element_type=\"section\" data-e-type=\"section\">\n\t\t\t\t\t\t<div class=\"elementor-container elementor-column-gap-default\">\n\t\t\t\t\t<div class=\"elementor-column elementor-col-100 elementor-inner-column elementor-element elementor-element-62a10a6\" data-id=\"62a10a6\" data-element_type=\"column\" data-e-type=\"column\">\n\t\t\t<div class=\"elementor-widget-wrap elementor-element-populated\">\n\t\t\t\t\t\t<div class=\"elementor-element elementor-element-86207f1 wd-width-100 elementor-widget elementor-widget-wd_title\" data-id=\"86207f1\" data-element_type=\"widget\" data-e-type=\"widget\" data-widget_type=\"wd_title.default\">\n\t\t\t\t<div class=\"elementor-widget-container\">\n\t\t\t\t\t\t\t<div class=\"title-wrapper wd-set-mb reset-last-child wd-title-color-default wd-title-style-default wd-title-size-default text-left\">\n\n\t\t\t\n\t\t\t<div class=\"liner-continer\">\n\t\t\t\t<h4 class=\"woodmart-title-container title wd-fontsize-l\">Reservar<\/h4> \n\t\t\t\t\t\t\t<\/div>\n\n\t\t\t\t\t<\/div>\n\t\t\t\t\t\t<\/div>\n\t\t\t\t<\/div>\n\t\t\t\t<div class=\"elementor-element elementor-element-b52992a elementor-widget elementor-widget-mphbe-availability-calendar\" data-id=\"b52992a\" data-element_type=\"widget\" data-e-type=\"widget\" data-widget_type=\"mphbe-availability-calendar.default\">\n\t\t\t\t<div class=\"elementor-widget-container\">\n\t\t\t\t\t<div class=\"mphb_sc_availability_calendar-wrapper\">\t<div class=\"mphb-calendar mphb-datepick inlinePicker mphb-calendar--direct-booking\" data-room-type-id=\"11168\" data-monthstoshow=\"2\" data-is_show_prices=\"1\" data-is_truncate_prices=\"1\" data-is_show_prices_currency=\"1\" data-first_available_check_in_date=\"2026-07-30\"><\/div>\n\t<\/div>\t\t\t\t<\/div>\n\t\t\t\t<\/div>\n\t\t\t\t<div class=\"elementor-element elementor-element-0f78f47 elementor-widget elementor-widget-mphbe-availability\" data-id=\"0f78f47\" data-element_type=\"widget\" data-e-type=\"widget\" data-settings=\"{&quot;hide_labels&quot;:&quot;yes&quot;,&quot;hide_tips&quot;:&quot;yes&quot;,&quot;stretch_btn&quot;:&quot;yes&quot;,&quot;no_paddings&quot;:&quot;no&quot;}\" data-widget_type=\"mphbe-availability.default\">\n\t\t\t\t<div class=\"elementor-widget-container\">\n\t\t\t\t\t<div class=\"mphb_sc_booking_form-wrapper is-direct-booking is-style-horizontal-form mphbs-hide-labels mphbs-hide-rf-tip mphbs-fluid-button \">\t<form method=\"POST\" action=\"https:\/\/grupocasonas.com\/casona-del-eboni\/confirmacion-de-reserva\/\" class=\"mphb-booking-form mphb-booking-form--direct-booking\" id=\"booking-form-11168\" data-first_available_check_in_date=\"2026-07-30\">\n\n\t\t<p class=\"mphb-required-fields-tip\"><small>Los campos obligatorios son seguidos por <abbr title=\"required\">*<\/abbr><\/small><\/p>\n\t\t<input type=\"hidden\" id=\"mphb-checkout-nonce\" name=\"mphb-checkout-nonce\" value=\"dae385b526\" \/><input type=\"hidden\" name=\"_wp_http_referer\" value=\"\/casona-del-eboni\/wp-json\/wp\/v2\/mphb_room_type\/11168\" \/>\t\t\t\t<input type=\"hidden\" name=\"mphb_room_type_id\" value=\"11168\" \/>\n\t\t<p class=\"mphb-check-in-date-wrapper\">\n\t\t\t<label for=\"mphb_check_in_date-69f2d470c8ed2\">\n\t\t\t\tFecha de llegada\t\t\t\t<abbr title=\"Formato dd\/mm\/yyyy\">*<\/abbr>\n\t\t\t<\/label>\n\t\t\t<br \/>\n\t\t\t<input id=\"mphb_check_in_date-69f2d470c8ed2\" type=\"text\" class=\"mphb-datepick\" value=\"\" required=\"required\" autocomplete=\"off\" placeholder=\"Fecha de llegada\" inputmode=\"none\" \/>\n\t\t\t<input id=\"mphb_check_in_date-69f2d470c8ed2-hidden\" type=\"hidden\" name=\"mphb_check_in_date\" value=\"\" \/>\n\t\t<\/p>\n\t\t<p class=\"mphb-check-out-date-wrapper\">\n\t\t\t<label for=\"mphb_check_out_date-69f2d470c8ed2\">\n\t\t\t\tFecha de salida\t\t\t\t<abbr title=\"Formato dd\/mm\/yyyy\">*<\/abbr>\n\t\t\t<\/label>\n\t\t\t<br \/>\n\t\t\t<input id=\"mphb_check_out_date-69f2d470c8ed2\" type=\"text\" class=\"mphb-datepick\" value=\"\" required=\"required\" autocomplete=\"off\" placeholder=\"Fecha de salida\" inputmode=\"none\" \/>\n\t\t\t<input id=\"mphb_check_out_date-69f2d470c8ed2-hidden\" type=\"hidden\" name=\"mphb_check_out_date\" value=\"\" \/>\n\t\t<\/p>\n\t\t\t\t\t\t\t<div class=\"mphb-reserve-room-section mphb-hide\">\n\t\t\t\t<p class=\"mphb-rooms-quantity-wrapper mphb-rooms-quantity-multiple mphb-hide\">\n\t\t\t\tReserva <select class=\"mphb-rooms-quantity\" id=\"mphb-rooms-quantity-11168\" name=\"mphb_rooms_details[11168]\"><option value=\"1\" selected=\"selected\">1<\/option><\/select> de <span class=\"mphb-available-rooms-count\">1<\/span> alojamientos disponibles.\t\t\t\t<\/p>\n\t\t\t\t<p class=\"mphb-rooms-quantity-wrapper mphb-rooms-quantity-single mphb-hide\">\n\t\t\t\t\tBajo C - Apartamento de 1 habitaci\u00f3n est\u00e1 disponible para las fechas seleccionadas.\t\t\t\t<\/p>\n\t\t\t\t\t\t\t\t\t<p class=\"mphb-period-price mphb-regular-price mphb-hide\">\n\t\t\t\t\t\t<strong>Precio desde:<\/strong>\n\t\t\t\t\t<\/p>\n\t\t\t\t\t\t\t\t<input type=\"hidden\" name=\"mphb_is_direct_booking\" value=\"1\" \/>\n\t\t\t\t<input class=\"button mphb-button mphb-confirm-reservation\" type=\"submit\" value=\"Confirmar reserva\" \/>\n\t\t\t<\/div>\n\t\t\n\t\t<div class=\"mphb-errors-wrapper mphb-hide\"><\/div>\n\t\t<p class=\"mphb-reserve-btn-wrapper\">\n\t\t\t<input class=\"mphb-reserve-btn button\" type=\"submit\" value=\"Comprobar disponibilidad\" \/>\n\t\t<\/p>\n\t<\/form>\n\t<\/div>\t\t\t\t<\/div>\n\t\t\t\t<\/div>\n\t\t\t\t\t<\/div>\n\t\t<\/div>\n\t\t\t\t\t<\/div>\n\t\t<\/section>\n\t\t\t\t<div class=\"elementor-element elementor-element-345e3600 elementor-widget elementor-widget-mphbe-room\" data-id=\"345e3600\" data-element_type=\"widget\" data-e-type=\"widget\" data-widget_type=\"mphbe-room.default\">\n\t\t\t\t<div class=\"elementor-widget-container\">\n\t\t\t\t\t<div class=\"mphb_sc_room-wrapper \"><\/div>\t\t\t\t<\/div>\n\t\t\t\t<\/div>\n\t\t\t\t\t<\/div>\n\t\t<\/div>\n\t\t\t\t\t<\/div>\n\t\t<\/section>\n\t\t\t\t<section class=\"wd-negative-gap elementor-section elementor-top-section elementor-element elementor-element-53dc7698 elementor-section-content-top wd-section-stretch-content elementor-section-boxed elementor-section-height-default elementor-section-height-default\" data-id=\"53dc7698\" data-element_type=\"section\" data-e-type=\"section\" data-settings=\"{&quot;background_background&quot;:&quot;classic&quot;}\">\n\t\t\t\t\t\t<div class=\"elementor-container elementor-column-gap-extended\">\n\t\t\t\t\t<div class=\"elementor-column elementor-col-100 elementor-top-column elementor-element elementor-element-6fdcf38e\" data-id=\"6fdcf38e\" data-element_type=\"column\" data-e-type=\"column\" data-settings=\"{&quot;background_background&quot;:&quot;classic&quot;}\">\n\t\t\t<div class=\"elementor-widget-wrap elementor-element-populated\">\n\t\t\t\t\t\t<div class=\"elementor-element elementor-element-11b038ff elementor-widget elementor-widget-shortcode\" data-id=\"11b038ff\" data-element_type=\"widget\" data-e-type=\"widget\" data-widget_type=\"shortcode.default\">\n\t\t\t\t<div class=\"elementor-widget-container\">\n\t\t\t\t\t\t\t<div class=\"elementor-shortcode\"> <\/div>\n\t\t\t\t\t\t<\/div>\n\t\t\t\t<\/div>\n\t\t\t\t<div class=\"elementor-element elementor-element-648fc488 wd-width-100 elementor-widget elementor-widget-wd_title\" data-id=\"648fc488\" data-element_type=\"widget\" data-e-type=\"widget\" data-widget_type=\"wd_title.default\">\n\t\t\t\t<div class=\"elementor-widget-container\">\n\t\t\t\t\t\t\t<div class=\"title-wrapper wd-set-mb reset-last-child wd-title-color-primary wd-title-style-default wd-title-size-medium text-center\">\n\n\t\t\t\t\t\t\t\t\t\t\t<div class=\"title-subtitle subtitle-color-primary subtitle-style-background wd-fontsize-xs\">\n\t\t\t\t\t<strong>CONDICIONES Y DUDAS<\/strong>\t\t\t\t<\/div>\n\t\t\t\n\t\t\t<div class=\"liner-continer\">\n\t\t\t\t<h4 class=\"woodmart-title-container title wd-fontsize-xl\">PREGUNTAS FRECUENTES<\/h4> \n\t\t\t\t\t\t\t<\/div>\n\n\t\t\t\t\t<\/div>\n\t\t\t\t\t\t<\/div>\n\t\t\t\t<\/div>\n\t\t\t\t<section class=\"wd-negative-gap elementor-section elementor-inner-section elementor-element elementor-element-683956ba wd-section-stretch elementor-section-boxed elementor-section-height-default elementor-section-height-default\" data-id=\"683956ba\" data-element_type=\"section\" data-e-type=\"section\" data-settings=\"{&quot;background_background&quot;:&quot;classic&quot;}\">\n\t\t\t\t\t\t<div class=\"elementor-container elementor-column-gap-default\">\n\t\t\t\t\t<div class=\"elementor-column elementor-col-50 elementor-inner-column elementor-element elementor-element-34b1bf1f\" data-id=\"34b1bf1f\" data-element_type=\"column\" data-e-type=\"column\">\n\t\t\t<div class=\"elementor-widget-wrap elementor-element-populated\">\n\t\t\t\t\t\t<div class=\"elementor-element elementor-element-4b177b6 elementor-widget elementor-widget-toggle\" data-id=\"4b177b6\" data-element_type=\"widget\" data-e-type=\"widget\" data-widget_type=\"toggle.default\">\n\t\t\t\t<div class=\"elementor-widget-container\">\n\t\t\t\t\t\t\t<div class=\"elementor-toggle\">\n\t\t\t\t\t\t\t<div class=\"elementor-toggle-item\">\n\t\t\t\t\t<div id=\"elementor-tab-title-7871\" class=\"elementor-tab-title\" data-tab=\"1\" role=\"button\" aria-controls=\"elementor-tab-content-7871\" aria-expanded=\"false\">\n\t\t\t\t\t\t\t\t\t\t\t\t<span class=\"elementor-toggle-icon elementor-toggle-icon-left\" aria-hidden=\"true\">\n\t\t\t\t\t\t\t\t\t\t\t\t\t\t\t<span class=\"elementor-toggle-icon-closed\"><i class=\"fas fa-caret-right\"><\/i><\/span>\n\t\t\t\t\t\t\t\t<span class=\"elementor-toggle-icon-opened\"><i class=\"elementor-toggle-icon-opened fas fa-caret-up\"><\/i><\/span>\n\t\t\t\t\t\t\t\t\t\t\t\t\t<\/span>\n\t\t\t\t\t\t\t\t\t\t\t\t<a class=\"elementor-toggle-title\" tabindex=\"0\">Horario de entrada y salida<\/a>\n\t\t\t\t\t<\/div>\n\n\t\t\t\t\t<div id=\"elementor-tab-content-7871\" class=\"elementor-tab-content elementor-clearfix\" data-tab=\"1\" role=\"region\" aria-labelledby=\"elementor-tab-title-7871\"><p>Podr\u00e1s hacer el check-in entre las 14:00 y las 18:00, y el check-out hasta las 11:00.<\/p><\/div>\n\t\t\t\t<\/div>\n\t\t\t\t\t\t\t<div class=\"elementor-toggle-item\">\n\t\t\t\t\t<div id=\"elementor-tab-title-7872\" class=\"elementor-tab-title\" data-tab=\"2\" role=\"button\" aria-controls=\"elementor-tab-content-7872\" aria-expanded=\"false\">\n\t\t\t\t\t\t\t\t\t\t\t\t<span class=\"elementor-toggle-icon elementor-toggle-icon-left\" aria-hidden=\"true\">\n\t\t\t\t\t\t\t\t\t\t\t\t\t\t\t<span class=\"elementor-toggle-icon-closed\"><i class=\"fas fa-caret-right\"><\/i><\/span>\n\t\t\t\t\t\t\t\t<span class=\"elementor-toggle-icon-opened\"><i class=\"elementor-toggle-icon-opened fas fa-caret-up\"><\/i><\/span>\n\t\t\t\t\t\t\t\t\t\t\t\t\t<\/span>\n\t\t\t\t\t\t\t\t\t\t\t\t<a class=\"elementor-toggle-title\" tabindex=\"0\">Cancelaci\u00f3n \/ prepago<\/a>\n\t\t\t\t\t<\/div>\n\n\t\t\t\t\t<div id=\"elementor-tab-content-7872\" class=\"elementor-tab-content elementor-clearfix\" data-tab=\"2\" role=\"region\" aria-labelledby=\"elementor-tab-title-7872\"><p>Para realizar tu reserva en las web del Grupo Casonas debes pagar el importe completo de la estancia y los servicios seleccionados en el momento de la solicitud. Nuestro equipo debe confirmar en cualquier caso la disponibilidad de la habitaci\u00f3n seleccionada en las fechas escogidas.<\/p><p>Si no existe disponibilidad, alternativas, o simplemente no quieres continuar con la reserva, reembolsaremos tu dinero de forma inmediata.<\/p><p>Si la reserva es confirmada, puedes cancelar gratis hasta 3 d\u00edas antes de la fecha de llegada, recibiendo el reembolso en tu cuenta bancaria. Si cancelas durante los 3 d\u00edas antes de la fecha de llegada, el cargo por cancelar ser\u00e1 el precio total de la reserva. Si no te presentas, el cargo ser\u00e1 el precio total de la reserva.<\/p><p>C\u00f3mo cancelar: Puedes utilizar el enlace que aparece en el e-mail de confirmaci\u00f3n para cancelar la reserva.<\/p><p>Impuestos y cargos por servicio: 10% IVA incluido.<\/p><\/div>\n\t\t\t\t<\/div>\n\t\t\t\t\t\t\t<div class=\"elementor-toggle-item\">\n\t\t\t\t\t<div id=\"elementor-tab-title-7873\" class=\"elementor-tab-title\" data-tab=\"3\" role=\"button\" aria-controls=\"elementor-tab-content-7873\" aria-expanded=\"false\">\n\t\t\t\t\t\t\t\t\t\t\t\t<span class=\"elementor-toggle-icon elementor-toggle-icon-left\" aria-hidden=\"true\">\n\t\t\t\t\t\t\t\t\t\t\t\t\t\t\t<span class=\"elementor-toggle-icon-closed\"><i class=\"fas fa-caret-right\"><\/i><\/span>\n\t\t\t\t\t\t\t\t<span class=\"elementor-toggle-icon-opened\"><i class=\"elementor-toggle-icon-opened fas fa-caret-up\"><\/i><\/span>\n\t\t\t\t\t\t\t\t\t\t\t\t\t<\/span>\n\t\t\t\t\t\t\t\t\t\t\t\t<a class=\"elementor-toggle-title\" tabindex=\"0\">Condiciones para estancias con ni\u00f1os<\/a>\n\t\t\t\t\t<\/div>\n\n\t\t\t\t\t<div id=\"elementor-tab-content-7873\" class=\"elementor-tab-content elementor-clearfix\" data-tab=\"3\" role=\"region\" aria-labelledby=\"elementor-tab-title-7873\"><p>Se pueden alojar ni\u00f1os de cualquier edad.<\/p><p>Los ni\u00f1os a partir de 2 a\u00f1os se considerar\u00e1n adultos en este alojamiento.<\/p><p>Para ver la informaci\u00f3n correcta sobre precios y ocupaci\u00f3n, a\u00f1ade a la b\u00fasqueda el n\u00famero de ni\u00f1os con los que viajas y sus edades.<\/p><\/div>\n\t\t\t\t<\/div>\n\t\t\t\t\t\t\t<div class=\"elementor-toggle-item\">\n\t\t\t\t\t<div id=\"elementor-tab-title-7874\" class=\"elementor-tab-title\" data-tab=\"4\" role=\"button\" aria-controls=\"elementor-tab-content-7874\" aria-expanded=\"false\">\n\t\t\t\t\t\t\t\t\t\t\t\t<span class=\"elementor-toggle-icon elementor-toggle-icon-left\" aria-hidden=\"true\">\n\t\t\t\t\t\t\t\t\t\t\t\t\t\t\t<span class=\"elementor-toggle-icon-closed\"><i class=\"fas fa-caret-right\"><\/i><\/span>\n\t\t\t\t\t\t\t\t<span class=\"elementor-toggle-icon-opened\"><i class=\"elementor-toggle-icon-opened fas fa-caret-up\"><\/i><\/span>\n\t\t\t\t\t\t\t\t\t\t\t\t\t<\/span>\n\t\t\t\t\t\t\t\t\t\t\t\t<a class=\"elementor-toggle-title\" tabindex=\"0\">Condiciones sobre cunas y camas supletorias<\/a>\n\t\t\t\t\t<\/div>\n\n\t\t\t\t\t<div id=\"elementor-tab-content-7874\" class=\"elementor-tab-content elementor-clearfix\" data-tab=\"4\" role=\"region\" aria-labelledby=\"elementor-tab-title-7874\"><ul><li>&lt; 1 a\u00f1o &#8211; Cuna a petici\u00f3n &#8211; \u20ac 5 por ni\u00f1o y noche<\/li><li>1 a\u00f1o &#8211; Cuna a petici\u00f3n &#8211; \u20ac 5 por ni\u00f1o y noche<\/li><li>Cama supletoria a petici\u00f3n &#8211; \u20ac 10 por ni\u00f1o y noche<\/li><li>M\u00e1s de 2 a\u00f1os &#8211; Cama supletoria a petici\u00f3n &#8211; \u20ac 10 por persona y noche<\/li><\/ul><p>El precio de las cunas y las camas supletorias no est\u00e1 incluido en el precio total y se tiene que pagar por separado durante la estancia.<\/p><p>El n\u00famero de camas supletorias y cunas permitido depende de la opci\u00f3n que escojas. Consulta la opci\u00f3n que has escogido para saber m\u00e1s.<\/p><p>Todas las cunas y camas supletorias est\u00e1n sujetas a disponibilidad.<\/p><\/div>\n\t\t\t\t<\/div>\n\t\t\t\t\t\t\t<div class=\"elementor-toggle-item\">\n\t\t\t\t\t<div id=\"elementor-tab-title-7875\" class=\"elementor-tab-title\" data-tab=\"5\" role=\"button\" aria-controls=\"elementor-tab-content-7875\" aria-expanded=\"false\">\n\t\t\t\t\t\t\t\t\t\t\t\t<span class=\"elementor-toggle-icon elementor-toggle-icon-left\" aria-hidden=\"true\">\n\t\t\t\t\t\t\t\t\t\t\t\t\t\t\t<span class=\"elementor-toggle-icon-closed\"><i class=\"fas fa-caret-right\"><\/i><\/span>\n\t\t\t\t\t\t\t\t<span class=\"elementor-toggle-icon-opened\"><i class=\"elementor-toggle-icon-opened fas fa-caret-up\"><\/i><\/span>\n\t\t\t\t\t\t\t\t\t\t\t\t\t<\/span>\n\t\t\t\t\t\t\t\t\t\t\t\t<a class=\"elementor-toggle-title\" tabindex=\"0\">\u00bfAdmite mascotas?<\/a>\n\t\t\t\t\t<\/div>\n\n\t\t\t\t\t<div id=\"elementor-tab-content-7875\" class=\"elementor-tab-content elementor-clearfix\" data-tab=\"5\" role=\"region\" aria-labelledby=\"elementor-tab-title-7875\"><p>No se admiten generalmente, consultar antes de reservar.<\/p><\/div>\n\t\t\t\t<\/div>\n\t\t\t\t\t\t\t<div class=\"elementor-toggle-item\">\n\t\t\t\t\t<div id=\"elementor-tab-title-7876\" class=\"elementor-tab-title\" data-tab=\"6\" role=\"button\" aria-controls=\"elementor-tab-content-7876\" aria-expanded=\"false\">\n\t\t\t\t\t\t\t\t\t\t\t\t<span class=\"elementor-toggle-icon elementor-toggle-icon-left\" aria-hidden=\"true\">\n\t\t\t\t\t\t\t\t\t\t\t\t\t\t\t<span class=\"elementor-toggle-icon-closed\"><i class=\"fas fa-caret-right\"><\/i><\/span>\n\t\t\t\t\t\t\t\t<span class=\"elementor-toggle-icon-opened\"><i class=\"elementor-toggle-icon-opened fas fa-caret-up\"><\/i><\/span>\n\t\t\t\t\t\t\t\t\t\t\t\t\t<\/span>\n\t\t\t\t\t\t\t\t\t\t\t\t<a class=\"elementor-toggle-title\" tabindex=\"0\">Transporte p\u00fablico cercano<\/a>\n\t\t\t\t\t<\/div>\n\n\t\t\t\t\t<div id=\"elementor-tab-content-7876\" class=\"elementor-tab-content elementor-clearfix\" data-tab=\"6\" role=\"region\" aria-labelledby=\"elementor-tab-title-7876\"><ul><li>Tren &#8211; Alcal\u00e1 de Henares &#8211; 1,1 km<\/li><li>Tren &#8211; La Garena &#8211; 2 km<\/li><\/ul><\/div>\n\t\t\t\t<\/div>\n\t\t\t\t\t\t\t\t\t\t<script type=\"application\/ld+json\">{\"@context\":\"https:\\\/\\\/schema.org\",\"@type\":\"FAQPage\",\"mainEntity\":[{\"@type\":\"Question\",\"name\":\"Horario de entrada y salida\",\"acceptedAnswer\":{\"@type\":\"Answer\",\"text\":\"<p>Podr\\u00e1s hacer el check-in entre las 14:00 y las 18:00, y el check-out hasta las 11:00.<\\\/p>\"}},{\"@type\":\"Question\",\"name\":\"Cancelaci\\u00f3n \\\/ prepago\",\"acceptedAnswer\":{\"@type\":\"Answer\",\"text\":\"<p>Para realizar tu reserva en las web del Grupo Casonas debes pagar el importe completo de la estancia y los servicios seleccionados en el momento de la solicitud. Nuestro equipo debe confirmar en cualquier caso la disponibilidad de la habitaci\\u00f3n seleccionada en las fechas escogidas.<\\\/p><p>Si no existe disponibilidad, alternativas, o simplemente no quieres continuar con la reserva, reembolsaremos tu dinero de forma inmediata.<\\\/p><p>Si la reserva es confirmada, puedes cancelar gratis hasta 3 d\\u00edas antes de la fecha de llegada, recibiendo el reembolso en tu cuenta bancaria. Si cancelas durante los 3 d\\u00edas antes de la fecha de llegada, el cargo por cancelar ser\\u00e1 el precio total de la reserva. Si no te presentas, el cargo ser\\u00e1 el precio total de la reserva.<\\\/p><p>C\\u00f3mo cancelar: Puedes utilizar el enlace que aparece en el e-mail de confirmaci\\u00f3n para cancelar la reserva.<\\\/p><p>Impuestos y cargos por servicio: 10% IVA incluido.<\\\/p>\"}},{\"@type\":\"Question\",\"name\":\"Condiciones para estancias con ni\\u00f1os\",\"acceptedAnswer\":{\"@type\":\"Answer\",\"text\":\"<p>Se pueden alojar ni\\u00f1os de cualquier edad.<\\\/p><p>Los ni\\u00f1os a partir de 2 a\\u00f1os se considerar\\u00e1n adultos en este alojamiento.<\\\/p><p>Para ver la informaci\\u00f3n correcta sobre precios y ocupaci\\u00f3n, a\\u00f1ade a la b\\u00fasqueda el n\\u00famero de ni\\u00f1os con los que viajas y sus edades.<\\\/p>\"}},{\"@type\":\"Question\",\"name\":\"Condiciones sobre cunas y camas supletorias\",\"acceptedAnswer\":{\"@type\":\"Answer\",\"text\":\"<ul><li>&lt; 1 a\\u00f1o &#8211; Cuna a petici\\u00f3n &#8211; \\u20ac 5 por ni\\u00f1o y noche<\\\/li><li>1 a\\u00f1o &#8211; Cuna a petici\\u00f3n &#8211; \\u20ac 5 por ni\\u00f1o y noche<\\\/li><li>Cama supletoria a petici\\u00f3n &#8211; \\u20ac 10 por ni\\u00f1o y noche<\\\/li><li>M\\u00e1s de 2 a\\u00f1os &#8211; Cama supletoria a petici\\u00f3n &#8211; \\u20ac 10 por persona y noche<\\\/li><\\\/ul><p>El precio de las cunas y las camas supletorias no est\\u00e1 incluido en el precio total y se tiene que pagar por separado durante la estancia.<\\\/p><p>El n\\u00famero de camas supletorias y cunas permitido depende de la opci\\u00f3n que escojas. Consulta la opci\\u00f3n que has escogido para saber m\\u00e1s.<\\\/p><p>Todas las cunas y camas supletorias est\\u00e1n sujetas a disponibilidad.<\\\/p>\"}},{\"@type\":\"Question\",\"name\":\"\\u00bfAdmite mascotas?\",\"acceptedAnswer\":{\"@type\":\"Answer\",\"text\":\"<p>No se admiten generalmente, consultar antes de reservar.<\\\/p>\"}},{\"@type\":\"Question\",\"name\":\"Transporte p\\u00fablico cercano\",\"acceptedAnswer\":{\"@type\":\"Answer\",\"text\":\"<ul><li>Tren &#8211; Alcal\\u00e1 de Henares &#8211; 1,1 km<\\\/li><li>Tren &#8211; La Garena &#8211; 2 km<\\\/li><\\\/ul>\"}}]}<\/script>\n\t\t\t\t\t<\/div>\n\t\t\t\t\t\t<\/div>\n\t\t\t\t<\/div>\n\t\t\t\t\t<\/div>\n\t\t<\/div>\n\t\t\t\t<div class=\"elementor-column elementor-col-50 elementor-inner-column elementor-element elementor-element-1062f970\" data-id=\"1062f970\" data-element_type=\"column\" data-e-type=\"column\">\n\t\t\t<div class=\"elementor-widget-wrap elementor-element-populated\">\n\t\t\t\t\t\t<div class=\"elementor-element elementor-element-16beb3a7 elementor-widget elementor-widget-toggle\" data-id=\"16beb3a7\" data-element_type=\"widget\" data-e-type=\"widget\" data-widget_type=\"toggle.default\">\n\t\t\t\t<div class=\"elementor-widget-container\">\n\t\t\t\t\t\t\t<div class=\"elementor-toggle\">\n\t\t\t\t\t\t\t<div class=\"elementor-toggle-item\">\n\t\t\t\t\t<div id=\"elementor-tab-title-3811\" class=\"elementor-tab-title\" data-tab=\"1\" role=\"button\" aria-controls=\"elementor-tab-content-3811\" aria-expanded=\"false\">\n\t\t\t\t\t\t\t\t\t\t\t\t<span class=\"elementor-toggle-icon elementor-toggle-icon-left\" aria-hidden=\"true\">\n\t\t\t\t\t\t\t\t\t\t\t\t\t\t\t<span class=\"elementor-toggle-icon-closed\"><i class=\"fas fa-caret-right\"><\/i><\/span>\n\t\t\t\t\t\t\t\t<span class=\"elementor-toggle-icon-opened\"><i class=\"elementor-toggle-icon-opened fas fa-caret-up\"><\/i><\/span>\n\t\t\t\t\t\t\t\t\t\t\t\t\t<\/span>\n\t\t\t\t\t\t\t\t\t\t\t\t<a class=\"elementor-toggle-title\" tabindex=\"0\">\u00bfEn qu\u00e9 zona de Alcal\u00e1 de Henares est\u00e1?<\/a>\n\t\t\t\t\t<\/div>\n\n\t\t\t\t\t<div id=\"elementor-tab-content-3811\" class=\"elementor-tab-content elementor-clearfix\" data-tab=\"1\" role=\"region\" aria-labelledby=\"elementor-tab-title-3811\"><p>A s\u00f3lo 5 minutos de La Calle Mayor, La Plaza de Cervantes, La Catedral Magistral de Los Santos Ni\u00f1os Justo y Pastor, a 2 minutos del Parque O\u2019Donnell y de museos y emblem\u00e1ticos del Centro Hist\u00f3rico de Alcal\u00e1 de Henares ciudad Patrimonio de la Humanidad, se encuentra nuestro alojamiento con el confort recomendado para pasar unas buenas vacaciones. A s\u00f3lo 25 metros de la parada de autobuses y 10 minutos de la estaci\u00f3n de RENFE.<\/p><\/div>\n\t\t\t\t<\/div>\n\t\t\t\t\t\t\t<div class=\"elementor-toggle-item\">\n\t\t\t\t\t<div id=\"elementor-tab-title-3812\" class=\"elementor-tab-title\" data-tab=\"2\" role=\"button\" aria-controls=\"elementor-tab-content-3812\" aria-expanded=\"false\">\n\t\t\t\t\t\t\t\t\t\t\t\t<span class=\"elementor-toggle-icon elementor-toggle-icon-left\" aria-hidden=\"true\">\n\t\t\t\t\t\t\t\t\t\t\t\t\t\t\t<span class=\"elementor-toggle-icon-closed\"><i class=\"fas fa-caret-right\"><\/i><\/span>\n\t\t\t\t\t\t\t\t<span class=\"elementor-toggle-icon-opened\"><i class=\"elementor-toggle-icon-opened fas fa-caret-up\"><\/i><\/span>\n\t\t\t\t\t\t\t\t\t\t\t\t\t<\/span>\n\t\t\t\t\t\t\t\t\t\t\t\t<a class=\"elementor-toggle-title\" tabindex=\"0\">Pol\u00edtica sobre ruidos y  respeto al descanso<\/a>\n\t\t\t\t\t<\/div>\n\n\t\t\t\t\t<div id=\"elementor-tab-content-3812\" class=\"elementor-tab-content elementor-clearfix\" data-tab=\"2\" role=\"region\" aria-labelledby=\"elementor-tab-title-3812\"><p><strong>Fiestas<\/strong><br \/>No se pueden celebrar fiestas\/eventos<\/p><p><strong>Horario sin ruido<\/strong><br \/>Los clientes deben minimizar el ruido de 22:00 a 08:00<\/p><\/div>\n\t\t\t\t<\/div>\n\t\t\t\t\t\t\t<div class=\"elementor-toggle-item\">\n\t\t\t\t\t<div id=\"elementor-tab-title-3813\" class=\"elementor-tab-title\" data-tab=\"3\" role=\"button\" aria-controls=\"elementor-tab-content-3813\" aria-expanded=\"false\">\n\t\t\t\t\t\t\t\t\t\t\t\t<span class=\"elementor-toggle-icon elementor-toggle-icon-left\" aria-hidden=\"true\">\n\t\t\t\t\t\t\t\t\t\t\t\t\t\t\t<span class=\"elementor-toggle-icon-closed\"><i class=\"fas fa-caret-right\"><\/i><\/span>\n\t\t\t\t\t\t\t\t<span class=\"elementor-toggle-icon-opened\"><i class=\"elementor-toggle-icon-opened fas fa-caret-up\"><\/i><\/span>\n\t\t\t\t\t\t\t\t\t\t\t\t\t<\/span>\n\t\t\t\t\t\t\t\t\t\t\t\t<a class=\"elementor-toggle-title\" tabindex=\"0\">Pol\u00edtica sobre el consumo de tabaco<\/a>\n\t\t\t\t\t<\/div>\n\n\t\t\t\t\t<div id=\"elementor-tab-content-3813\" class=\"elementor-tab-content elementor-clearfix\" data-tab=\"3\" role=\"region\" aria-labelledby=\"elementor-tab-title-3813\"><p>No se puede fumar en todo el recinto o habitacione.<\/p><\/div>\n\t\t\t\t<\/div>\n\t\t\t\t\t\t\t<div class=\"elementor-toggle-item\">\n\t\t\t\t\t<div id=\"elementor-tab-title-3814\" class=\"elementor-tab-title\" data-tab=\"4\" role=\"button\" aria-controls=\"elementor-tab-content-3814\" aria-expanded=\"false\">\n\t\t\t\t\t\t\t\t\t\t\t\t<span class=\"elementor-toggle-icon elementor-toggle-icon-left\" aria-hidden=\"true\">\n\t\t\t\t\t\t\t\t\t\t\t\t\t\t\t<span class=\"elementor-toggle-icon-closed\"><i class=\"fas fa-caret-right\"><\/i><\/span>\n\t\t\t\t\t\t\t\t<span class=\"elementor-toggle-icon-opened\"><i class=\"elementor-toggle-icon-opened fas fa-caret-up\"><\/i><\/span>\n\t\t\t\t\t\t\t\t\t\t\t\t\t<\/span>\n\t\t\t\t\t\t\t\t\t\t\t\t<a class=\"elementor-toggle-title\" tabindex=\"0\">Medidas de sostenibilidad<\/a>\n\t\t\t\t\t<\/div>\n\n\t\t\t\t\t<div id=\"elementor-tab-content-3814\" class=\"elementor-tab-content elementor-clearfix\" data-tab=\"4\" role=\"region\" aria-labelledby=\"elementor-tab-title-3814\"><p>Estas son las medidas que ha tomado el alojamiento para promover una forma de viajar m\u00e1s sostenible y respetuosa con el medioambiente:<\/p>\n<h6>Residuos:<\/h6>\n<ul>\n  <li>Hay papeleras de reciclaje a disposici\u00f3n de los clientes y la basura se recicla.<\/li>\n  <li>No se utilizan botes mini de pl\u00e1stico de un solo uso para el champ\u00fa, el acondicionador ni el gel de ba\u00f1o.<\/li>\n  <li>No se utilizan cucharillas de pl\u00e1stico de un solo uso.<\/li>\n  <li>No se utilizan pajitas de pl\u00e1stico de un solo uso.<\/li>\n  <li>No se utilizan botellas de agua de pl\u00e1stico de un solo uso.<\/li>\n  <li>No se utilizan botellas de bebidas de pl\u00e1stico de un solo uso.<\/li>\n  <li>No se utilizan vasos de pl\u00e1stico de un solo uso.<\/li>\n  <li>No se utilizan cubiertos ni vajilla de pl\u00e1stico de un solo uso.<\/li>\n<\/ul>\n<h6>Agua:<\/h6>\n<ul>\n  <li>Se puede renunciar a la limpieza diaria de la habitaci\u00f3n<\/li>\n  <li>Se pueden reutilizar las toallas<\/li>\n<\/ul>\n<h6>Energ\u00eda y gases de efecto invernadero:<\/h6>\n<ul>\n  <li>La mayor\u00eda de las luces del alojamiento usan bombillas LED (de bajo consumo)<\/li>\n  <li>Todas las ventanas son de doble acristalamiento<\/li>\n  <li>La electricidad funciona con sensor de movimiento o tarjeta<\/li>\n<\/ul><\/div>\n\t\t\t\t<\/div>\n\t\t\t\t\t\t\t<div class=\"elementor-toggle-item\">\n\t\t\t\t\t<div id=\"elementor-tab-title-3815\" class=\"elementor-tab-title\" data-tab=\"5\" role=\"button\" aria-controls=\"elementor-tab-content-3815\" aria-expanded=\"false\">\n\t\t\t\t\t\t\t\t\t\t\t\t<span class=\"elementor-toggle-icon elementor-toggle-icon-left\" aria-hidden=\"true\">\n\t\t\t\t\t\t\t\t\t\t\t\t\t\t\t<span class=\"elementor-toggle-icon-closed\"><i class=\"fas fa-caret-right\"><\/i><\/span>\n\t\t\t\t\t\t\t\t<span class=\"elementor-toggle-icon-opened\"><i class=\"elementor-toggle-icon-opened fas fa-caret-up\"><\/i><\/span>\n\t\t\t\t\t\t\t\t\t\t\t\t\t<\/span>\n\t\t\t\t\t\t\t\t\t\t\t\t<a class=\"elementor-toggle-title\" tabindex=\"0\">Medidas de higiene<\/a>\n\t\t\t\t\t<\/div>\n\n\t\t\t\t\t<div id=\"elementor-tab-content-3815\" class=\"elementor-tab-content elementor-clearfix\" data-tab=\"5\" role=\"region\" aria-labelledby=\"elementor-tab-title-3815\"><h6>Medidas de seguridad:<\/h6><ul><li>El personal sigue todos los protocolos de seguridad indicados por las autoridades locales<\/li><li>Se han eliminado objetos compartidos como cartas, revistas, bol\u00edgrafos y papeles<\/li><li>Hay kit de primeros auxilios<\/li><li><p>Acceso a profesionales sanitarios<\/p><\/li><\/ul><h6>Distanciamiento f\u00edsico:<\/h6><ul><li><p>Se puede pagar sin efectivo<\/p><\/li><li><p>Se siguen las normas de distanciamiento f\u00edsico<\/p><\/li><\/ul><h6>Limpieza y desinfecci\u00f3n:<\/h6><ul><li><p>Uso de productos de limpieza efectivos contra el coronavirus<\/p><\/li><li><p>Ropa de cama, toallas y otra colada lavadas seg\u00fan indicaciones de las autoridades locales<\/p><\/li><li><p>Alojamiento desinfectado despu\u00e9s de cada estancia<\/p><\/li><li><p>Alojamiento sellado tras su limpieza<\/p><\/li><li><p>Los clientes pueden anular el servicio de limpieza de su alojamiento durante la estancia<\/p><\/li><\/ul><h6>Seguridad de bebidas y alimentos:<\/h6><ul><li><p>La comida se puede entregar en el alojamiento de los clientes<\/p><\/li><li><p>Todos los platos, vasos, cubiertos y otros utensilios de mesa se han desinfectado<\/p><\/li><\/ul><\/div>\n\t\t\t\t<\/div>\n\t\t\t\t\t\t\t<div class=\"elementor-toggle-item\">\n\t\t\t\t\t<div id=\"elementor-tab-title-3816\" class=\"elementor-tab-title\" data-tab=\"6\" role=\"button\" aria-controls=\"elementor-tab-content-3816\" aria-expanded=\"false\">\n\t\t\t\t\t\t\t\t\t\t\t\t<span class=\"elementor-toggle-icon elementor-toggle-icon-left\" aria-hidden=\"true\">\n\t\t\t\t\t\t\t\t\t\t\t\t\t\t\t<span class=\"elementor-toggle-icon-closed\"><i class=\"fas fa-caret-right\"><\/i><\/span>\n\t\t\t\t\t\t\t\t<span class=\"elementor-toggle-icon-opened\"><i class=\"elementor-toggle-icon-opened fas fa-caret-up\"><\/i><\/span>\n\t\t\t\t\t\t\t\t\t\t\t\t\t<\/span>\n\t\t\t\t\t\t\t\t\t\t\t\t<a class=\"elementor-toggle-title\" tabindex=\"0\">Aeropuertos cercanos<\/a>\n\t\t\t\t\t<\/div>\n\n\t\t\t\t\t<div id=\"elementor-tab-content-3816\" class=\"elementor-tab-content elementor-clearfix\" data-tab=\"6\" role=\"region\" aria-labelledby=\"elementor-tab-title-3816\"><ul><li>Aeropuerto de Madrid Torrej\u00f3n &#8211; 7 km<\/li><li>Aeropuerto Adolfo Su\u00e1rez Madrid &#8211; Barajas &#8211; 17 km<\/li><\/ul><\/div>\n\t\t\t\t<\/div>\n\t\t\t\t\t\t\t\t\t\t<script type=\"application\/ld+json\">{\"@context\":\"https:\\\/\\\/schema.org\",\"@type\":\"FAQPage\",\"mainEntity\":[{\"@type\":\"Question\",\"name\":\"\\u00bfEn qu\\u00e9 zona de Alcal\\u00e1 de Henares est\\u00e1?\",\"acceptedAnswer\":{\"@type\":\"Answer\",\"text\":\"<p>A s\\u00f3lo 5 minutos de La Calle Mayor, La Plaza de Cervantes, La Catedral Magistral de Los Santos Ni\\u00f1os Justo y Pastor, a 2 minutos del Parque O\\u2019Donnell y de museos y emblem\\u00e1ticos del Centro Hist\\u00f3rico de Alcal\\u00e1 de Henares ciudad Patrimonio de la Humanidad, se encuentra nuestro alojamiento con el confort recomendado para pasar unas buenas vacaciones. A s\\u00f3lo 25 metros de la parada de autobuses y 10 minutos de la estaci\\u00f3n de RENFE.<\\\/p>\"}},{\"@type\":\"Question\",\"name\":\"Pol\\u00edtica sobre ruidos y  respeto al descanso\",\"acceptedAnswer\":{\"@type\":\"Answer\",\"text\":\"<p><strong>Fiestas<\\\/strong><br \\\/>No se pueden celebrar fiestas\\\/eventos<\\\/p><p><strong>Horario sin ruido<\\\/strong><br \\\/>Los clientes deben minimizar el ruido de 22:00 a 08:00<\\\/p>\"}},{\"@type\":\"Question\",\"name\":\"Pol\\u00edtica sobre el consumo de tabaco\",\"acceptedAnswer\":{\"@type\":\"Answer\",\"text\":\"<p>No se puede fumar en todo el recinto o habitacione.<\\\/p>\"}},{\"@type\":\"Question\",\"name\":\"Medidas de sostenibilidad\",\"acceptedAnswer\":{\"@type\":\"Answer\",\"text\":\"<p>Estas son las medidas que ha tomado el alojamiento para promover una forma de viajar m\\u00e1s sostenible y respetuosa con el medioambiente:<\\\/p>\\n<h6>Residuos:<\\\/h6>\\n<ul>\\n  <li>Hay papeleras de reciclaje a disposici\\u00f3n de los clientes y la basura se recicla.<\\\/li>\\n  <li>No se utilizan botes mini de pl\\u00e1stico de un solo uso para el champ\\u00fa, el acondicionador ni el gel de ba\\u00f1o.<\\\/li>\\n  <li>No se utilizan cucharillas de pl\\u00e1stico de un solo uso.<\\\/li>\\n  <li>No se utilizan pajitas de pl\\u00e1stico de un solo uso.<\\\/li>\\n  <li>No se utilizan botellas de agua de pl\\u00e1stico de un solo uso.<\\\/li>\\n  <li>No se utilizan botellas de bebidas de pl\\u00e1stico de un solo uso.<\\\/li>\\n  <li>No se utilizan vasos de pl\\u00e1stico de un solo uso.<\\\/li>\\n  <li>No se utilizan cubiertos ni vajilla de pl\\u00e1stico de un solo uso.<\\\/li>\\n<\\\/ul>\\n<h6>Agua:<\\\/h6>\\n<ul>\\n  <li>Se puede renunciar a la limpieza diaria de la habitaci\\u00f3n<\\\/li>\\n  <li>Se pueden reutilizar las toallas<\\\/li>\\n<\\\/ul>\\n<h6>Energ\\u00eda y gases de efecto invernadero:<\\\/h6>\\n<ul>\\n  <li>La mayor\\u00eda de las luces del alojamiento usan bombillas LED (de bajo consumo)<\\\/li>\\n  <li>Todas las ventanas son de doble acristalamiento<\\\/li>\\n  <li>La electricidad funciona con sensor de movimiento o tarjeta<\\\/li>\\n<\\\/ul>\"}},{\"@type\":\"Question\",\"name\":\"Medidas de higiene\",\"acceptedAnswer\":{\"@type\":\"Answer\",\"text\":\"<h6>Medidas de seguridad:<\\\/h6><ul><li>El personal sigue todos los protocolos de seguridad indicados por las autoridades locales<\\\/li><li>Se han eliminado objetos compartidos como cartas, revistas, bol\\u00edgrafos y papeles<\\\/li><li>Hay kit de primeros auxilios<\\\/li><li><p>Acceso a profesionales sanitarios<\\\/p><\\\/li><\\\/ul><h6>Distanciamiento f\\u00edsico:<\\\/h6><ul><li><p>Se puede pagar sin efectivo<\\\/p><\\\/li><li><p>Se siguen las normas de distanciamiento f\\u00edsico<\\\/p><\\\/li><\\\/ul><h6>Limpieza y desinfecci\\u00f3n:<\\\/h6><ul><li><p>Uso de productos de limpieza efectivos contra el coronavirus<\\\/p><\\\/li><li><p>Ropa de cama, toallas y otra colada lavadas seg\\u00fan indicaciones de las autoridades locales<\\\/p><\\\/li><li><p>Alojamiento desinfectado despu\\u00e9s de cada estancia<\\\/p><\\\/li><li><p>Alojamiento sellado tras su limpieza<\\\/p><\\\/li><li><p>Los clientes pueden anular el servicio de limpieza de su alojamiento durante la estancia<\\\/p><\\\/li><\\\/ul><h6>Seguridad de bebidas y alimentos:<\\\/h6><ul><li><p>La comida se puede entregar en el alojamiento de los clientes<\\\/p><\\\/li><li><p>Todos los platos, vasos, cubiertos y otros utensilios de mesa se han desinfectado<\\\/p><\\\/li><\\\/ul>\"}},{\"@type\":\"Question\",\"name\":\"Aeropuertos cercanos\",\"acceptedAnswer\":{\"@type\":\"Answer\",\"text\":\"<ul><li>Aeropuerto de Madrid Torrej\\u00f3n &#8211; 7 km<\\\/li><li>Aeropuerto Adolfo Su\\u00e1rez Madrid &#8211; Barajas &#8211; 17 km<\\\/li><\\\/ul>\"}}]}<\/script>\n\t\t\t\t\t<\/div>\n\t\t\t\t\t\t<\/div>\n\t\t\t\t<\/div>\n\t\t\t\t\t<\/div>\n\t\t<\/div>\n\t\t\t\t\t<\/div>\n\t\t<\/section>\n\t\t\t\t\t<\/div>\n\t\t<\/div>\n\t\t\t\t\t<\/div>\n\t\t<\/section>\n\t\t\t\t<\/div>\n\t\t","protected":false},"excerpt":{"rendered":"<p>Descripci\u00f3n Apartamento de un dormitorio con todas las comodidades. El dormitorio cuenta con una cama doble, dispone adem\u00e1s de sal\u00f3n<\/p>\n","protected":false},"featured_media":0,"menu_order":0,"comment_status":"closed","ping_status":"closed","template":"","mphb_room_type_category":[],"mphb_room_type_tag":[],"mphb_room_type_facility":[84,82,102,90,138,135,136,137,97,93,103,101,80,104,99,106,92,95,98,96,83,105,85,81],"class_list":["post-11168","mphb_room_type","type-mphb_room_type","status-publish","hentry","mphb_room_type_facility-aire-acondicionado","mphb_room_type_facility-cafetera","mphb_room_type_facility-calefaccion","mphb_room_type_facility-cocina-privada","mphb_room_type_facility-comedor","mphb_room_type_facility-ducha","mphb_room_type_facility-fogones","mphb_room_type_facility-hervidor-electrico","mphb_room_type_facility-horno","mphb_room_type_facility-lavadora","mphb_room_type_facility-microondas","mphb_room_type_facility-nevera","mphb_room_type_facility-patio","mphb_room_type_facility-plancha-para-ropa","mphb_room_type_facility-productos-de-limpieza","mphb_room_type_facility-secador-de-pelo","mphb_room_type_facility-sofa","mphb_room_type_facility-tendedero","mphb_room_type_facility-toallas","mphb_room_type_facility-tostadora","mphb_room_type_facility-tv-de-pantalla-plana","mphb_room_type_facility-utensilios-de-planchado","mphb_room_type_facility-vistas-a-un-patio-interior","mphb_room_type_facility-wifi-gratis","mphb-room-type-adults-2","mphb-room-type-children-2",""],"yoast_head":"<!-- This site is optimized with the Yoast SEO plugin v27.5 - https:\/\/yoast.com\/product\/yoast-seo-wordpress\/ -->\n<title>Bajo C - Apartamento de 1 habitaci\u00f3n - La Casona del \u00c9boni<\/title>\n<meta name=\"robots\" content=\"index, follow, max-snippet:-1, max-image-preview:large, max-video-preview:-1\" \/>\n<link rel=\"canonical\" href=\"https:\/\/grupocasonas.com\/casona-del-eboni\/accommodation\/bajo-c-apartamento-de-1-habitacion\/\" \/>\n<meta property=\"og:locale\" content=\"es_ES\" \/>\n<meta property=\"og:type\" content=\"article\" \/>\n<meta property=\"og:title\" content=\"Bajo C - Apartamento de 1 habitaci\u00f3n - La Casona del \u00c9boni\" \/>\n<meta property=\"og:description\" content=\"Descripci\u00f3n Apartamento de un dormitorio con todas las comodidades. El dormitorio cuenta con una cama doble, dispone adem\u00e1s de sal\u00f3n\" \/>\n<meta property=\"og:url\" content=\"https:\/\/grupocasonas.com\/casona-del-eboni\/accommodation\/bajo-c-apartamento-de-1-habitacion\/\" \/>\n<meta property=\"og:site_name\" content=\"La Casona del \u00c9boni\" \/>\n<meta property=\"article:modified_time\" content=\"2025-12-15T15:12:41+00:00\" \/>\n<meta property=\"og:image\" content=\"https:\/\/grupocasonas.com\/casona-del-eboni\/wp-content\/uploads\/sites\/5\/2023\/03\/BC-eboni-1.jpg\" \/>\n<meta name=\"twitter:card\" content=\"summary_large_image\" \/>\n<meta name=\"twitter:label1\" content=\"Tiempo de lectura\" \/>\n\t<meta name=\"twitter:data1\" content=\"10 minutos\" \/>\n<script type=\"application\/ld+json\" class=\"yoast-schema-graph\">{\"@context\":\"https:\\\/\\\/schema.org\",\"@graph\":[{\"@type\":\"WebPage\",\"@id\":\"https:\\\/\\\/grupocasonas.com\\\/casona-del-eboni\\\/accommodation\\\/bajo-c-apartamento-de-1-habitacion\\\/\",\"url\":\"https:\\\/\\\/grupocasonas.com\\\/casona-del-eboni\\\/accommodation\\\/bajo-c-apartamento-de-1-habitacion\\\/\",\"name\":\"Bajo C - Apartamento de 1 habitaci\u00f3n - La Casona del \u00c9boni\",\"isPartOf\":{\"@id\":\"https:\\\/\\\/grupocasonas.com\\\/casona-del-eboni\\\/#website\"},\"primaryImageOfPage\":{\"@id\":\"https:\\\/\\\/grupocasonas.com\\\/casona-del-eboni\\\/accommodation\\\/bajo-c-apartamento-de-1-habitacion\\\/#primaryimage\"},\"image\":{\"@id\":\"https:\\\/\\\/grupocasonas.com\\\/casona-del-eboni\\\/accommodation\\\/bajo-c-apartamento-de-1-habitacion\\\/#primaryimage\"},\"thumbnailUrl\":\"https:\\\/\\\/grupocasonas.com\\\/casona-del-eboni\\\/wp-content\\\/uploads\\\/sites\\\/5\\\/2023\\\/03\\\/BC-eboni-1.jpg\",\"datePublished\":\"2023-03-17T17:51:54+00:00\",\"dateModified\":\"2025-12-15T15:12:41+00:00\",\"breadcrumb\":{\"@id\":\"https:\\\/\\\/grupocasonas.com\\\/casona-del-eboni\\\/accommodation\\\/bajo-c-apartamento-de-1-habitacion\\\/#breadcrumb\"},\"inLanguage\":\"es\",\"potentialAction\":[{\"@type\":\"ReadAction\",\"target\":[\"https:\\\/\\\/grupocasonas.com\\\/casona-del-eboni\\\/accommodation\\\/bajo-c-apartamento-de-1-habitacion\\\/\"]}]},{\"@type\":\"ImageObject\",\"inLanguage\":\"es\",\"@id\":\"https:\\\/\\\/grupocasonas.com\\\/casona-del-eboni\\\/accommodation\\\/bajo-c-apartamento-de-1-habitacion\\\/#primaryimage\",\"url\":\"https:\\\/\\\/grupocasonas.com\\\/casona-del-eboni\\\/wp-content\\\/uploads\\\/sites\\\/5\\\/2023\\\/03\\\/BC-eboni-1.jpg\",\"contentUrl\":\"https:\\\/\\\/grupocasonas.com\\\/casona-del-eboni\\\/wp-content\\\/uploads\\\/sites\\\/5\\\/2023\\\/03\\\/BC-eboni-1.jpg\",\"width\":1024,\"height\":768},{\"@type\":\"BreadcrumbList\",\"@id\":\"https:\\\/\\\/grupocasonas.com\\\/casona-del-eboni\\\/accommodation\\\/bajo-c-apartamento-de-1-habitacion\\\/#breadcrumb\",\"itemListElement\":[{\"@type\":\"ListItem\",\"position\":1,\"name\":\"Portada\",\"item\":\"https:\\\/\\\/grupocasonas.com\\\/casona-del-eboni\\\/\"},{\"@type\":\"ListItem\",\"position\":2,\"name\":\"Tipos de alojamientos\",\"item\":\"https:\\\/\\\/grupocasonas.com\\\/casona-del-eboni\\\/accommodation\\\/\"},{\"@type\":\"ListItem\",\"position\":3,\"name\":\"Bajo C &#8211; Apartamento de 1 habitaci\u00f3n\"}]},{\"@type\":\"WebSite\",\"@id\":\"https:\\\/\\\/grupocasonas.com\\\/casona-del-eboni\\\/#website\",\"url\":\"https:\\\/\\\/grupocasonas.com\\\/casona-del-eboni\\\/\",\"name\":\"La Casona del \u00c9boni\",\"description\":\"Grupo Casonas\",\"publisher\":{\"@id\":\"https:\\\/\\\/grupocasonas.com\\\/casona-del-eboni\\\/#organization\"},\"potentialAction\":[{\"@type\":\"SearchAction\",\"target\":{\"@type\":\"EntryPoint\",\"urlTemplate\":\"https:\\\/\\\/grupocasonas.com\\\/casona-del-eboni\\\/?s={search_term_string}\"},\"query-input\":{\"@type\":\"PropertyValueSpecification\",\"valueRequired\":true,\"valueName\":\"search_term_string\"}}],\"inLanguage\":\"es\"},{\"@type\":\"Organization\",\"@id\":\"https:\\\/\\\/grupocasonas.com\\\/casona-del-eboni\\\/#organization\",\"name\":\"La Casona del \u00c9boni\",\"url\":\"https:\\\/\\\/grupocasonas.com\\\/casona-del-eboni\\\/\",\"logo\":{\"@type\":\"ImageObject\",\"inLanguage\":\"es\",\"@id\":\"https:\\\/\\\/grupocasonas.com\\\/casona-del-eboni\\\/#\\\/schema\\\/logo\\\/image\\\/\",\"url\":\"https:\\\/\\\/grupocasonas.com\\\/casona-del-eboni\\\/wp-content\\\/uploads\\\/sites\\\/5\\\/2023\\\/01\\\/cropped-asno-logo.png\",\"contentUrl\":\"https:\\\/\\\/grupocasonas.com\\\/casona-del-eboni\\\/wp-content\\\/uploads\\\/sites\\\/5\\\/2023\\\/01\\\/cropped-asno-logo.png\",\"width\":600,\"height\":313,\"caption\":\"La Casona del \u00c9boni\"},\"image\":{\"@id\":\"https:\\\/\\\/grupocasonas.com\\\/casona-del-eboni\\\/#\\\/schema\\\/logo\\\/image\\\/\"}}]}<\/script>\n<!-- \/ Yoast SEO plugin. -->","yoast_head_json":{"title":"Bajo C - Apartamento de 1 habitaci\u00f3n - La Casona del \u00c9boni","robots":{"index":"index","follow":"follow","max-snippet":"max-snippet:-1","max-image-preview":"max-image-preview:large","max-video-preview":"max-video-preview:-1"},"canonical":"https:\/\/grupocasonas.com\/casona-del-eboni\/accommodation\/bajo-c-apartamento-de-1-habitacion\/","og_locale":"es_ES","og_type":"article","og_title":"Bajo C - Apartamento de 1 habitaci\u00f3n - La Casona del \u00c9boni","og_description":"Descripci\u00f3n Apartamento de un dormitorio con todas las comodidades. El dormitorio cuenta con una cama doble, dispone adem\u00e1s de sal\u00f3n","og_url":"https:\/\/grupocasonas.com\/casona-del-eboni\/accommodation\/bajo-c-apartamento-de-1-habitacion\/","og_site_name":"La Casona del \u00c9boni","article_modified_time":"2025-12-15T15:12:41+00:00","og_image":[{"url":"https:\/\/grupocasonas.com\/casona-del-eboni\/wp-content\/uploads\/sites\/5\/2023\/03\/BC-eboni-1.jpg","type":"","width":"","height":""}],"twitter_card":"summary_large_image","twitter_misc":{"Tiempo de lectura":"10 minutos"},"schema":{"@context":"https:\/\/schema.org","@graph":[{"@type":"WebPage","@id":"https:\/\/grupocasonas.com\/casona-del-eboni\/accommodation\/bajo-c-apartamento-de-1-habitacion\/","url":"https:\/\/grupocasonas.com\/casona-del-eboni\/accommodation\/bajo-c-apartamento-de-1-habitacion\/","name":"Bajo C - Apartamento de 1 habitaci\u00f3n - La Casona del \u00c9boni","isPartOf":{"@id":"https:\/\/grupocasonas.com\/casona-del-eboni\/#website"},"primaryImageOfPage":{"@id":"https:\/\/grupocasonas.com\/casona-del-eboni\/accommodation\/bajo-c-apartamento-de-1-habitacion\/#primaryimage"},"image":{"@id":"https:\/\/grupocasonas.com\/casona-del-eboni\/accommodation\/bajo-c-apartamento-de-1-habitacion\/#primaryimage"},"thumbnailUrl":"https:\/\/grupocasonas.com\/casona-del-eboni\/wp-content\/uploads\/sites\/5\/2023\/03\/BC-eboni-1.jpg","datePublished":"2023-03-17T17:51:54+00:00","dateModified":"2025-12-15T15:12:41+00:00","breadcrumb":{"@id":"https:\/\/grupocasonas.com\/casona-del-eboni\/accommodation\/bajo-c-apartamento-de-1-habitacion\/#breadcrumb"},"inLanguage":"es","potentialAction":[{"@type":"ReadAction","target":["https:\/\/grupocasonas.com\/casona-del-eboni\/accommodation\/bajo-c-apartamento-de-1-habitacion\/"]}]},{"@type":"ImageObject","inLanguage":"es","@id":"https:\/\/grupocasonas.com\/casona-del-eboni\/accommodation\/bajo-c-apartamento-de-1-habitacion\/#primaryimage","url":"https:\/\/grupocasonas.com\/casona-del-eboni\/wp-content\/uploads\/sites\/5\/2023\/03\/BC-eboni-1.jpg","contentUrl":"https:\/\/grupocasonas.com\/casona-del-eboni\/wp-content\/uploads\/sites\/5\/2023\/03\/BC-eboni-1.jpg","width":1024,"height":768},{"@type":"BreadcrumbList","@id":"https:\/\/grupocasonas.com\/casona-del-eboni\/accommodation\/bajo-c-apartamento-de-1-habitacion\/#breadcrumb","itemListElement":[{"@type":"ListItem","position":1,"name":"Portada","item":"https:\/\/grupocasonas.com\/casona-del-eboni\/"},{"@type":"ListItem","position":2,"name":"Tipos de alojamientos","item":"https:\/\/grupocasonas.com\/casona-del-eboni\/accommodation\/"},{"@type":"ListItem","position":3,"name":"Bajo C &#8211; Apartamento de 1 habitaci\u00f3n"}]},{"@type":"WebSite","@id":"https:\/\/grupocasonas.com\/casona-del-eboni\/#website","url":"https:\/\/grupocasonas.com\/casona-del-eboni\/","name":"La Casona del \u00c9boni","description":"Grupo Casonas","publisher":{"@id":"https:\/\/grupocasonas.com\/casona-del-eboni\/#organization"},"potentialAction":[{"@type":"SearchAction","target":{"@type":"EntryPoint","urlTemplate":"https:\/\/grupocasonas.com\/casona-del-eboni\/?s={search_term_string}"},"query-input":{"@type":"PropertyValueSpecification","valueRequired":true,"valueName":"search_term_string"}}],"inLanguage":"es"},{"@type":"Organization","@id":"https:\/\/grupocasonas.com\/casona-del-eboni\/#organization","name":"La Casona del \u00c9boni","url":"https:\/\/grupocasonas.com\/casona-del-eboni\/","logo":{"@type":"ImageObject","inLanguage":"es","@id":"https:\/\/grupocasonas.com\/casona-del-eboni\/#\/schema\/logo\/image\/","url":"https:\/\/grupocasonas.com\/casona-del-eboni\/wp-content\/uploads\/sites\/5\/2023\/01\/cropped-asno-logo.png","contentUrl":"https:\/\/grupocasonas.com\/casona-del-eboni\/wp-content\/uploads\/sites\/5\/2023\/01\/cropped-asno-logo.png","width":600,"height":313,"caption":"La Casona del \u00c9boni"},"image":{"@id":"https:\/\/grupocasonas.com\/casona-del-eboni\/#\/schema\/logo\/image\/"}}]}},"_links":{"self":[{"href":"https:\/\/grupocasonas.com\/casona-del-eboni\/wp-json\/wp\/v2\/mphb_room_type\/11168","targetHints":{"allow":["GET"]}}],"collection":[{"href":"https:\/\/grupocasonas.com\/casona-del-eboni\/wp-json\/wp\/v2\/mphb_room_type"}],"about":[{"href":"https:\/\/grupocasonas.com\/casona-del-eboni\/wp-json\/wp\/v2\/types\/mphb_room_type"}],"replies":[{"embeddable":true,"href":"https:\/\/grupocasonas.com\/casona-del-eboni\/wp-json\/wp\/v2\/comments?post=11168"}],"version-history":[{"count":23,"href":"https:\/\/grupocasonas.com\/casona-del-eboni\/wp-json\/wp\/v2\/mphb_room_type\/11168\/revisions"}],"predecessor-version":[{"id":13251,"href":"https:\/\/grupocasonas.com\/casona-del-eboni\/wp-json\/wp\/v2\/mphb_room_type\/11168\/revisions\/13251"}],"wp:attachment":[{"href":"https:\/\/grupocasonas.com\/casona-del-eboni\/wp-json\/wp\/v2\/media?parent=11168"}],"wp:term":[{"taxonomy":"mphb_room_type_category","embeddable":true,"href":"https:\/\/grupocasonas.com\/casona-del-eboni\/wp-json\/wp\/v2\/mphb_room_type_category?post=11168"},{"taxonomy":"mphb_room_type_tag","embeddable":true,"href":"https:\/\/grupocasonas.com\/casona-del-eboni\/wp-json\/wp\/v2\/mphb_room_type_tag?post=11168"},{"taxonomy":"mphb_room_type_facility","embeddable":true,"href":"https:\/\/grupocasonas.com\/casona-del-eboni\/wp-json\/wp\/v2\/mphb_room_type_facility?post=11168"}],"curies":[{"name":"wp","href":"https:\/\/api.w.org\/{rel}","templated":true}]}}